{"id":2440,"date":"2023-05-24T15:34:09","date_gmt":"2023-05-24T13:34:09","guid":{"rendered":"https:\/\/elzambud.pl\/?page_id=2440"},"modified":"2024-04-25T14:28:47","modified_gmt":"2024-04-25T12:28:47","slug":"ogolne","status":"publish","type":"page","link":"https:\/\/elzambud.pl\/?page_id=2440","title":{"rendered":"Og\u00f3lne"},"content":{"rendered":"\t\t<div data-elementor-type=\"wp-page\" data-elementor-id=\"2440\" class=\"elementor elementor-2440\">\n\t\t\t\t\t\t\t\t\t<section class=\"elementor-section elementor-top-section elementor-element elementor-element-0dbd965 elementor-section-height-min-height elementor-section-boxed elementor-section-height-default elementor-section-items-middle elementor-invisible\" data-id=\"0dbd965\" data-element_type=\"section\" data-settings=\"{&quot;animation&quot;:&quot;fadeInUp&quot;}\">\n\t\t\t\t\t\t<div class=\"elementor-container elementor-column-gap-default\">\n\t\t\t\t\t<div class=\"elementor-column elementor-col-100 elementor-top-column elementor-element elementor-element-881f5b8\" data-id=\"881f5b8\" data-element_type=\"column\">\n\t\t\t<div class=\"elementor-widget-wrap elementor-element-populated\">\n\t\t\t\t\t\t\t\t<div class=\"elementor-element elementor-element-1218c80 elementor-widget elementor-widget-heading\" data-id=\"1218c80\" data-element_type=\"widget\" data-widget_type=\"heading.default\">\n\t\t\t\t<div class=\"elementor-widget-container\">\n\t\t\t<style>\/*! elementor - v3.13.3 - 28-05-2023 *\/\n.elementor-heading-title{padding:0;margin:0;line-height:1}.elementor-widget-heading .elementor-heading-title[class*=elementor-size-]>a{color:inherit;font-size:inherit;line-height:inherit}.elementor-widget-heading .elementor-heading-title.elementor-size-small{font-size:15px}.elementor-widget-heading .elementor-heading-title.elementor-size-medium{font-size:19px}.elementor-widget-heading .elementor-heading-title.elementor-size-large{font-size:29px}.elementor-widget-heading .elementor-heading-title.elementor-size-xl{font-size:39px}.elementor-widget-heading .elementor-heading-title.elementor-size-xxl{font-size:59px}<\/style><h2 class=\"elementor-heading-title elementor-size-default\">Budownictwo og\u00f3lne<\/h2>\t\t<\/div>\n\t\t\t\t<\/div>\n\t\t\t\t<div class=\"elementor-element elementor-element-f12ada3 elementor-widget elementor-widget-accordion\" data-id=\"f12ada3\" data-element_type=\"widget\" data-widget_type=\"accordion.default\">\n\t\t\t\t<div class=\"elementor-widget-container\">\n\t\t\t<style>\/*! elementor - v3.13.3 - 28-05-2023 *\/\n.elementor-accordion{text-align:left}.elementor-accordion .elementor-accordion-item{border:1px solid #d5d8dc}.elementor-accordion .elementor-accordion-item+.elementor-accordion-item{border-top:none}.elementor-accordion .elementor-tab-title{margin:0;padding:15px 20px;font-weight:700;line-height:1;cursor:pointer;outline:none}.elementor-accordion .elementor-tab-title .elementor-accordion-icon{display:inline-block;width:1.5em}.elementor-accordion .elementor-tab-title .elementor-accordion-icon svg{width:1em;height:1em}.elementor-accordion .elementor-tab-title .elementor-accordion-icon.elementor-accordion-icon-right{float:right;text-align:right}.elementor-accordion .elementor-tab-title .elementor-accordion-icon.elementor-accordion-icon-left{float:left;text-align:left}.elementor-accordion .elementor-tab-title .elementor-accordion-icon .elementor-accordion-icon-closed{display:block}.elementor-accordion .elementor-tab-title .elementor-accordion-icon .elementor-accordion-icon-opened,.elementor-accordion .elementor-tab-title.elementor-active .elementor-accordion-icon-closed{display:none}.elementor-accordion .elementor-tab-title.elementor-active .elementor-accordion-icon-opened{display:block}.elementor-accordion .elementor-tab-content{display:none;padding:15px 20px;border-top:1px solid #d5d8dc}@media (max-width:767px){.elementor-accordion .elementor-tab-title{padding:12px 15px}.elementor-accordion .elementor-tab-title .elementor-accordion-icon{width:1.2em}.elementor-accordion .elementor-tab-content{padding:7px 15px}}.e-con-inner>.elementor-widget-accordion,.e-con>.elementor-widget-accordion{width:var(--container-widget-width);--flex-grow:var(--container-widget-flex-grow)}<\/style>\t\t<div class=\"elementor-accordion\" role=\"tablist\">\n\t\t\t\t\t\t\t<div class=\"elementor-accordion-item\">\n\t\t\t\t\t<div id=\"elementor-tab-title-2521\" class=\"elementor-tab-title\" data-tab=\"1\" role=\"tab\" aria-controls=\"elementor-tab-content-2521\" aria-expanded=\"false\">\n\t\t\t\t\t\t\t\t\t\t\t\t\t<span class=\"elementor-accordion-icon elementor-accordion-icon-left\" aria-hidden=\"true\">\n\t\t\t\t\t\t\t\t\t\t\t\t\t\t\t<span class=\"elementor-accordion-icon-closed\"><i class=\"fas fa-plus\"><\/i><\/span>\n\t\t\t\t\t\t\t\t<span class=\"elementor-accordion-icon-opened\"><i class=\"fas fa-minus\"><\/i><\/span>\n\t\t\t\t\t\t\t\t\t\t\t\t\t\t<\/span>\n\t\t\t\t\t\t\t\t\t\t\t\t<a class=\"elementor-accordion-title\" href=\"\">ZREALIZOWANE PROJEKTY<\/a>\n\t\t\t\t\t<\/div>\n\t\t\t\t\t<div id=\"elementor-tab-content-2521\" class=\"elementor-tab-content elementor-clearfix\" data-tab=\"1\" role=\"tabpanel\" aria-labelledby=\"elementor-tab-title-2521\"><p>Poznaj szczeg\u00f3\u0142y realizacji lub przejd\u017a do galerii klikaj\u0105c w &#8222;+&#8221;<\/p><\/div>\n\t\t\t\t<\/div>\n\t\t\t\t\t\t\t<div class=\"elementor-accordion-item\">\n\t\t\t\t\t<div id=\"elementor-tab-title-2522\" class=\"elementor-tab-title\" data-tab=\"2\" role=\"tab\" aria-controls=\"elementor-tab-content-2522\" aria-expanded=\"false\">\n\t\t\t\t\t\t\t\t\t\t\t\t\t<span class=\"elementor-accordion-icon elementor-accordion-icon-left\" aria-hidden=\"true\">\n\t\t\t\t\t\t\t\t\t\t\t\t\t\t\t<span class=\"elementor-accordion-icon-closed\"><i class=\"fas fa-plus\"><\/i><\/span>\n\t\t\t\t\t\t\t\t<span class=\"elementor-accordion-icon-opened\"><i class=\"fas fa-minus\"><\/i><\/span>\n\t\t\t\t\t\t\t\t\t\t\t\t\t\t<\/span>\n\t\t\t\t\t\t\t\t\t\t\t\t<a class=\"elementor-accordion-title\" href=\"\">Centrum Rekreacji Wodnej Dolinka w Elbl\u0105gu<\/a>\n\t\t\t\t\t<\/div>\n\t\t\t\t\t<div id=\"elementor-tab-content-2522\" class=\"elementor-tab-content elementor-clearfix\" data-tab=\"2\" role=\"tabpanel\" aria-labelledby=\"elementor-tab-title-2522\"><p>Obiekt \u0142\u0105czy w sobie funkcje rekreacyjn\u0105 i sportow\u0105, stanowi wype\u0142nienie potrzeb rekreacyjnych mieszka\u0144c\u00f3w Gminy i mo\u017ce w nim jednocze\u015bnie na przebywa\u0107 216 os\u00f3b. Centrum Rekreacji Wodnej jest w pe\u0142ni dostosowane do potrzeb os\u00f3b niepe\u0142nosprawnych, posiada bezprogowe wej\u015bcie do budynku oraz wind\u0119. Przy budynku zapewniono oko\u0142o 200 miejsc postojowych w tym 9 dla os\u00f3b niepe\u0142nosprawnych.<\/p><p>Centrum Rekreacji Wodnej podzielone jest na trzy strefy. W pierwszej znajduj\u0119 si\u0119 niecka basenu sportowego o d\u0142ugo\u015bci 25 m, posiadaj\u0105ca 8 szerokich tor\u00f3w. Na tym basenie mog\u0105 odbywa\u0107 si\u0119 zawody rangi mistrzowskiej. Przy tej niecce znajduj\u0105 si\u0119 trybuny na 188 miejsc siedz\u0105cych i 3 miejsca dla os\u00f3b niepe\u0142nosprawnych.<\/p><p>W kolejnej strefie mamy basen do nauki p\u0142ywania o wymiarach 13,7 x 7,0 m, basen rekreacyjny o powierzchni 220 m2 oraz basenu dla dzieci o g\u0142\u0119boko\u015bci do 0,5 m wraz z atrakcjami i urz\u0105dzeniami rekreacyjnymi.<\/p><p>W tej samej strefie mo\u017cna r\u00f3wnie\u017c skorzysta\u0107 z dw\u00f3ch jacuzzi.<\/p><p>Trzecia strefa przeznaczona jest do relaksu. Znajdziemy tam kompleks saun (sucha, parowa, biosauna), stref\u0119 sch\u0142adzania jak i stref\u0119 z podgrzewanymi le\u017cakami.<\/p><p>\u015aciany zewn\u0119trzne budynku oraz przegroda mi\u0119dzy stref\u0105 sportow\u0105 i rekreacyjn\u0105 s\u0105 przeszklone przez co obiekt jest o\u015bwietlony \u015bwiat\u0142em naturalnym. W ka\u017cdej cz\u0119\u015bci panuj\u0105 r\u00f3\u017cne temperatury wody i otoczenia co sprawia, \u017ce budynek jest doskonale dostosowany zar\u00f3wno do u\u017cytku przez amator\u00f3w, rodzin z dzie\u0107mi jak i przez profesjonalne grupy treningowe. Kolejnym elementem jest bar, kt\u00f3ry znajduje si\u0119 na pi\u0119trze, z kt\u00f3rego mamy widok na ca\u0142y obiekt, mo\u017cna z niego obserwowa\u0107 zar\u00f3wno imprezy sportowe jak i zaj\u0119cia na basenie do nauki p\u0142ywania.<\/p><p>Technologia wykonania obiektu :<\/p><p>Obiekt posadowiony na palach, kt\u00f3re zakotwiono w masywnych oczepach \u017celbetowych. Po\u0142\u0105czenie oczep\u00f3w ze \u015bcianami fundamentowymi i s\u0142upami zaizolowano w technologii mat bentonitowych oraz wykonano pionow\u0105 izolacj\u0119 \u015bcian fundamentowych i poziom\u0105 posadzek Maphetene SA firmy Mapei.<br \/>Za\u0142o\u017cono uk\u0142ad konstrukcyjny s\u0142upowo \u2013 ryglowy budynku w po\u0142\u0105czeniu z uk\u0142adem tradycyjnym na \u015bcianach murowanych i \u017celbetowych.<br \/>\u015aciany no\u015bne cz\u0119\u015bciowo wykonane s\u0105 z bloczk\u00f3w silikatowych, a cz\u0119\u015bciowo jako \u017celbetowe tarcze prefabrykowane,<br \/>Niecka basenu sportowego wykonana zosta\u0142a w technologii spawanej, ze stali nierdzewnej, pozosta\u0142e wykonano w technologii \u017celbetowej jako oparte na s\u0142upach w kondygnacji podziemnej.<br \/>Basen sch\u0142adzaj\u0105cy w kompleksie saun w ca\u0142o\u015bci wykonany jest z element\u00f3w prefabrykowanych.<br \/>Konstrukcja dachu oparta jest na \u017celbetowych s\u0142upach, nad cz\u0119\u015bci\u0105 basenow\u0105 wi\u0105zary wykonane zosta\u0142y z drewna klejonego jako \u0142ukowe belki dwuprzegubowe. Ich rozpi\u0119to\u015b\u0107 si\u0119ga 34,5 metra przy wysoko\u015bci wi\u0105zara si\u0119gaj\u0105ca 2,2 m. Natomiast nad pozosta\u0142\u0105 cz\u0119\u015bci\u0105 budynku wykonano \u017celbetowy p\u0142aski stropodach.<\/p><p>Centrum Rekreacji Wodnej cieszy si\u0119 du\u017cym zainteresowaniem mieszka\u0144c\u00f3w Elbl\u0105ga<br \/>i okolic. Cz\u0119\u015bciowo wype\u0142ni\u0142o luk\u0119, kt\u00f3ra powsta\u0142a po zamkni\u0119ciu otwartego k\u0105pieliska miejskiego.<\/p><p>Na ogromne podkre\u015blenie zas\u0142uguje fakt , i\u017c dzi\u0119ki zastosowanym przez Konsorcjum PBM Elzambud Sp. z o.o. i Moris Polska Sp. z. o.o., rozwi\u0105zaniom technicznym i technologicznym Centrum Rekreacji Wodnej \u201eDolinka\u201d jest jednym z niewielu obiekt\u00f3w tego typu w Polsce, kt\u00f3re przynosi zyski. Przewidziane w trakcie planowania inwestycji ob\u0142o\u017cenie obiektu gwarantuj\u0105ce pokrycie koszt\u00f3w funkcjonowania obiektu w ilo\u015bci 600 os\u00f3b na dob\u0119 w kr\u00f3tkim czasie zosta\u0142o przekroczone i wielokrotnie przekracza 1200 os\u00f3b na dob\u0119.<\/p><p>W chwili obecnej planowany jest drugi etap inwestycji gdzie wyremontowana zostanie nieu\u017cytkowana cz\u0119\u015b\u0107 basenu odkrytego a na pozosta\u0142ym terenie maj\u0105 powsta\u0107 elementy infrastruktury do sport\u00f3w wodnych takich jak rowery i narty wodne.<\/p><div id='gallery-1' class='gallery galleryid-2440 gallery-columns-1 gallery-size-large'><dl class='gallery-item'>\n\t\t\t<dt class='gallery-icon portrait'>\n\t\t\t\t<a href='https:\/\/elzambud.pl\/wp-content\/uploads\/2023\/07\/Centrum-Rekreacji-Wodnej-Dolinka-w-Elblagu-1.png'><img width=\"640\" height=\"860\" src=\"https:\/\/elzambud.pl\/wp-content\/uploads\/2023\/07\/Centrum-Rekreacji-Wodnej-Dolinka-w-Elblagu-1.png\" class=\"attachment-large size-large\" alt=\"\" decoding=\"async\" loading=\"lazy\" srcset=\"https:\/\/elzambud.pl\/wp-content\/uploads\/2023\/07\/Centrum-Rekreacji-Wodnej-Dolinka-w-Elblagu-1.png 640w, https:\/\/elzambud.pl\/wp-content\/uploads\/2023\/07\/Centrum-Rekreacji-Wodnej-Dolinka-w-Elblagu-1-223x300.png 223w\" sizes=\"(max-width: 640px) 100vw, 640px\" \/><\/a>\n\t\t\t<\/dt><\/dl><br style=\"clear: both\" \/><dl class='gallery-item'>\n\t\t\t<dt class='gallery-icon landscape'>\n\t\t\t\t<a href='https:\/\/elzambud.pl\/wp-content\/uploads\/2023\/07\/Centrum-Rekreacji-Wodnej-Dolinka-w-Elblagu-2.jpg'><img width=\"1024\" height=\"681\" src=\"https:\/\/elzambud.pl\/wp-content\/uploads\/2023\/07\/Centrum-Rekreacji-Wodnej-Dolinka-w-Elblagu-2-1024x681.jpg\" class=\"attachment-large size-large\" alt=\"\" decoding=\"async\" loading=\"lazy\" srcset=\"https:\/\/elzambud.pl\/wp-content\/uploads\/2023\/07\/Centrum-Rekreacji-Wodnej-Dolinka-w-Elblagu-2-1024x681.jpg 1024w, https:\/\/elzambud.pl\/wp-content\/uploads\/2023\/07\/Centrum-Rekreacji-Wodnej-Dolinka-w-Elblagu-2-300x200.jpg 300w, https:\/\/elzambud.pl\/wp-content\/uploads\/2023\/07\/Centrum-Rekreacji-Wodnej-Dolinka-w-Elblagu-2-768x511.jpg 768w, https:\/\/elzambud.pl\/wp-content\/uploads\/2023\/07\/Centrum-Rekreacji-Wodnej-Dolinka-w-Elblagu-2.jpg 1387w\" sizes=\"(max-width: 1024px) 100vw, 1024px\" \/><\/a>\n\t\t\t<\/dt><\/dl><br style=\"clear: both\" \/><dl class='gallery-item'>\n\t\t\t<dt class='gallery-icon landscape'>\n\t\t\t\t<a href='https:\/\/elzambud.pl\/wp-content\/uploads\/2023\/07\/Centrum-Rekreacji-Wodnej-Dolinka-w-Elblagu-3.jpg'><img width=\"1024\" height=\"646\" src=\"https:\/\/elzambud.pl\/wp-content\/uploads\/2023\/07\/Centrum-Rekreacji-Wodnej-Dolinka-w-Elblagu-3-1024x646.jpg\" class=\"attachment-large size-large\" alt=\"\" decoding=\"async\" loading=\"lazy\" srcset=\"https:\/\/elzambud.pl\/wp-content\/uploads\/2023\/07\/Centrum-Rekreacji-Wodnej-Dolinka-w-Elblagu-3-1024x646.jpg 1024w, https:\/\/elzambud.pl\/wp-content\/uploads\/2023\/07\/Centrum-Rekreacji-Wodnej-Dolinka-w-Elblagu-3-300x189.jpg 300w, https:\/\/elzambud.pl\/wp-content\/uploads\/2023\/07\/Centrum-Rekreacji-Wodnej-Dolinka-w-Elblagu-3-768x484.jpg 768w, https:\/\/elzambud.pl\/wp-content\/uploads\/2023\/07\/Centrum-Rekreacji-Wodnej-Dolinka-w-Elblagu-3.jpg 1387w\" sizes=\"(max-width: 1024px) 100vw, 1024px\" \/><\/a>\n\t\t\t<\/dt><\/dl><br style=\"clear: both\" \/><dl class='gallery-item'>\n\t\t\t<dt class='gallery-icon landscape'>\n\t\t\t\t<a href='https:\/\/elzambud.pl\/wp-content\/uploads\/2023\/07\/Centrum-Rekreacji-Wodnej-Dolinka-w-Elblagu-4.jpg'><img width=\"1024\" height=\"632\" src=\"https:\/\/elzambud.pl\/wp-content\/uploads\/2023\/07\/Centrum-Rekreacji-Wodnej-Dolinka-w-Elblagu-4-1024x632.jpg\" class=\"attachment-large size-large\" alt=\"\" decoding=\"async\" loading=\"lazy\" srcset=\"https:\/\/elzambud.pl\/wp-content\/uploads\/2023\/07\/Centrum-Rekreacji-Wodnej-Dolinka-w-Elblagu-4-1024x632.jpg 1024w, https:\/\/elzambud.pl\/wp-content\/uploads\/2023\/07\/Centrum-Rekreacji-Wodnej-Dolinka-w-Elblagu-4-300x185.jpg 300w, https:\/\/elzambud.pl\/wp-content\/uploads\/2023\/07\/Centrum-Rekreacji-Wodnej-Dolinka-w-Elblagu-4-768x474.jpg 768w, https:\/\/elzambud.pl\/wp-content\/uploads\/2023\/07\/Centrum-Rekreacji-Wodnej-Dolinka-w-Elblagu-4.jpg 1382w\" sizes=\"(max-width: 1024px) 100vw, 1024px\" \/><\/a>\n\t\t\t<\/dt><\/dl><br style=\"clear: both\" \/><dl class='gallery-item'>\n\t\t\t<dt class='gallery-icon landscape'>\n\t\t\t\t<a href='https:\/\/elzambud.pl\/wp-content\/uploads\/2023\/07\/Centrum-Rekreacji-Wodnej-Dolinka-w-Elblagu-5.jpg'><img width=\"1024\" height=\"681\" src=\"https:\/\/elzambud.pl\/wp-content\/uploads\/2023\/07\/Centrum-Rekreacji-Wodnej-Dolinka-w-Elblagu-5-1024x681.jpg\" class=\"attachment-large size-large\" alt=\"\" decoding=\"async\" loading=\"lazy\" srcset=\"https:\/\/elzambud.pl\/wp-content\/uploads\/2023\/07\/Centrum-Rekreacji-Wodnej-Dolinka-w-Elblagu-5-1024x681.jpg 1024w, https:\/\/elzambud.pl\/wp-content\/uploads\/2023\/07\/Centrum-Rekreacji-Wodnej-Dolinka-w-Elblagu-5-300x200.jpg 300w, https:\/\/elzambud.pl\/wp-content\/uploads\/2023\/07\/Centrum-Rekreacji-Wodnej-Dolinka-w-Elblagu-5-768x511.jpg 768w, https:\/\/elzambud.pl\/wp-content\/uploads\/2023\/07\/Centrum-Rekreacji-Wodnej-Dolinka-w-Elblagu-5.jpg 1387w\" sizes=\"(max-width: 1024px) 100vw, 1024px\" \/><\/a>\n\t\t\t<\/dt><\/dl><br style=\"clear: both\" \/><dl class='gallery-item'>\n\t\t\t<dt class='gallery-icon landscape'>\n\t\t\t\t<a href='https:\/\/elzambud.pl\/wp-content\/uploads\/2023\/07\/Centrum-Rekreacji-Wodnej-Dolinka-w-Elblagu-6.jpg'><img width=\"1024\" height=\"768\" src=\"https:\/\/elzambud.pl\/wp-content\/uploads\/2023\/07\/Centrum-Rekreacji-Wodnej-Dolinka-w-Elblagu-6-1024x768.jpg\" class=\"attachment-large size-large\" alt=\"\" decoding=\"async\" loading=\"lazy\" srcset=\"https:\/\/elzambud.pl\/wp-content\/uploads\/2023\/07\/Centrum-Rekreacji-Wodnej-Dolinka-w-Elblagu-6-1024x768.jpg 1024w, https:\/\/elzambud.pl\/wp-content\/uploads\/2023\/07\/Centrum-Rekreacji-Wodnej-Dolinka-w-Elblagu-6-300x225.jpg 300w, https:\/\/elzambud.pl\/wp-content\/uploads\/2023\/07\/Centrum-Rekreacji-Wodnej-Dolinka-w-Elblagu-6-768x576.jpg 768w, https:\/\/elzambud.pl\/wp-content\/uploads\/2023\/07\/Centrum-Rekreacji-Wodnej-Dolinka-w-Elblagu-6-1536x1152.jpg 1536w, https:\/\/elzambud.pl\/wp-content\/uploads\/2023\/07\/Centrum-Rekreacji-Wodnej-Dolinka-w-Elblagu-6.jpg 1600w\" sizes=\"(max-width: 1024px) 100vw, 1024px\" \/><\/a>\n\t\t\t<\/dt><\/dl><br style=\"clear: both\" \/>\n\t\t<\/div>\n<\/div>\n\t\t\t\t<\/div>\n\t\t\t\t\t\t\t<div class=\"elementor-accordion-item\">\n\t\t\t\t\t<div id=\"elementor-tab-title-2523\" class=\"elementor-tab-title\" data-tab=\"3\" role=\"tab\" aria-controls=\"elementor-tab-content-2523\" aria-expanded=\"false\">\n\t\t\t\t\t\t\t\t\t\t\t\t\t<span class=\"elementor-accordion-icon elementor-accordion-icon-left\" aria-hidden=\"true\">\n\t\t\t\t\t\t\t\t\t\t\t\t\t\t\t<span class=\"elementor-accordion-icon-closed\"><i class=\"fas fa-plus\"><\/i><\/span>\n\t\t\t\t\t\t\t\t<span class=\"elementor-accordion-icon-opened\"><i class=\"fas fa-minus\"><\/i><\/span>\n\t\t\t\t\t\t\t\t\t\t\t\t\t\t<\/span>\n\t\t\t\t\t\t\t\t\t\t\t\t<a class=\"elementor-accordion-title\" href=\"\">Budowa hali sportowej przy Gimnazjum nr 9 w Elbl\u0105gu<\/a>\n\t\t\t\t\t<\/div>\n\t\t\t\t\t<div id=\"elementor-tab-content-2523\" class=\"elementor-tab-content elementor-clearfix\" data-tab=\"3\" role=\"tabpanel\" aria-labelledby=\"elementor-tab-title-2523\"><p>Inwestycja polega na kompleksowej realizacji hali sportowej stanowi\u0105cej budynek wolnostoj\u0105cy o konstrukcji stalowej, szkieletowo \u2013 \u0142ukowej. Obiekt po\u0142\u0105czony \u0142\u0105cznikiem z istniej\u0105cym budynkiem szkolnym oraz budynkiem zaplecza hali sportowej, przyleg\u0142ym wzd\u0142u\u017c trzech bok\u00f3w hali w kszta\u0142cie litery C.<\/p><p>Realizacja obejmuje r\u00f3wnie\u017c:<\/p><p>Budow\u0119 instalacji: wody zimnej, wody ciep\u0142ej, kanalizacji sanitarnej, kanalizacji deszczowej, centralnego ogrzewania, c.o., wentylacji mechanicznej, elektrycznej i odgromowej.<\/p><p>Budow\u0119 przy\u0142\u0105czy: wodoci\u0105gowego, kanalizacji sanitarnej, kanalizacji deszczowej, cieplnego.<\/p><p>Zagospodarowania terenu: budowa boiska sportowego o wymiarach 44 x 22 m, budowa chodnik\u00f3w, parking\u00f3w plac\u00f3w manewrowych, wykonanie trawnik\u00f3w, nasadzenie zieleni<\/p><p>Powierzchnia u\u017cytkowa: 1 907,70 m\u00b2<\/p><p>Kubatura: 10 856,00 m\u00b3<\/p><p>Powierzchnia zabudowy: 2 144,00 m\u00b2<\/p><div id='gallery-2' class='gallery galleryid-2440 gallery-columns-1 gallery-size-large'><dl class='gallery-item'>\n\t\t\t<dt class='gallery-icon landscape'>\n\t\t\t\t<a href='https:\/\/elzambud.pl\/wp-content\/uploads\/2023\/07\/Budowa-hali-sportowej-przy-Gimnazujm-nr-9-w-Elblagu-1.jpg'><img width=\"800\" height=\"480\" src=\"https:\/\/elzambud.pl\/wp-content\/uploads\/2023\/07\/Budowa-hali-sportowej-przy-Gimnazujm-nr-9-w-Elblagu-1.jpg\" class=\"attachment-large size-large\" alt=\"\" decoding=\"async\" loading=\"lazy\" srcset=\"https:\/\/elzambud.pl\/wp-content\/uploads\/2023\/07\/Budowa-hali-sportowej-przy-Gimnazujm-nr-9-w-Elblagu-1.jpg 800w, https:\/\/elzambud.pl\/wp-content\/uploads\/2023\/07\/Budowa-hali-sportowej-przy-Gimnazujm-nr-9-w-Elblagu-1-300x180.jpg 300w, https:\/\/elzambud.pl\/wp-content\/uploads\/2023\/07\/Budowa-hali-sportowej-przy-Gimnazujm-nr-9-w-Elblagu-1-768x461.jpg 768w\" sizes=\"(max-width: 800px) 100vw, 800px\" \/><\/a>\n\t\t\t<\/dt><\/dl><br style=\"clear: both\" \/><dl class='gallery-item'>\n\t\t\t<dt class='gallery-icon landscape'>\n\t\t\t\t<a href='https:\/\/elzambud.pl\/wp-content\/uploads\/2023\/07\/Budowa-hali-sportowej-przy-Gimnazujm-nr-9-w-Elblagu-2.jpg'><img width=\"800\" height=\"480\" src=\"https:\/\/elzambud.pl\/wp-content\/uploads\/2023\/07\/Budowa-hali-sportowej-przy-Gimnazujm-nr-9-w-Elblagu-2.jpg\" class=\"attachment-large size-large\" alt=\"\" decoding=\"async\" loading=\"lazy\" srcset=\"https:\/\/elzambud.pl\/wp-content\/uploads\/2023\/07\/Budowa-hali-sportowej-przy-Gimnazujm-nr-9-w-Elblagu-2.jpg 800w, https:\/\/elzambud.pl\/wp-content\/uploads\/2023\/07\/Budowa-hali-sportowej-przy-Gimnazujm-nr-9-w-Elblagu-2-300x180.jpg 300w, https:\/\/elzambud.pl\/wp-content\/uploads\/2023\/07\/Budowa-hali-sportowej-przy-Gimnazujm-nr-9-w-Elblagu-2-768x461.jpg 768w\" sizes=\"(max-width: 800px) 100vw, 800px\" \/><\/a>\n\t\t\t<\/dt><\/dl><br style=\"clear: both\" \/><dl class='gallery-item'>\n\t\t\t<dt class='gallery-icon portrait'>\n\t\t\t\t<a href='https:\/\/elzambud.pl\/wp-content\/uploads\/2023\/07\/Budowa-hali-sportowej-przy-Gimnazujm-nr-9-w-Elblagu-3.jpg'><img width=\"360\" height=\"600\" src=\"https:\/\/elzambud.pl\/wp-content\/uploads\/2023\/07\/Budowa-hali-sportowej-przy-Gimnazujm-nr-9-w-Elblagu-3.jpg\" class=\"attachment-large size-large\" alt=\"\" decoding=\"async\" loading=\"lazy\" srcset=\"https:\/\/elzambud.pl\/wp-content\/uploads\/2023\/07\/Budowa-hali-sportowej-przy-Gimnazujm-nr-9-w-Elblagu-3.jpg 360w, https:\/\/elzambud.pl\/wp-content\/uploads\/2023\/07\/Budowa-hali-sportowej-przy-Gimnazujm-nr-9-w-Elblagu-3-180x300.jpg 180w\" sizes=\"(max-width: 360px) 100vw, 360px\" \/><\/a>\n\t\t\t<\/dt><\/dl><br style=\"clear: both\" \/><dl class='gallery-item'>\n\t\t\t<dt class='gallery-icon landscape'>\n\t\t\t\t<a href='https:\/\/elzambud.pl\/wp-content\/uploads\/2023\/07\/Budowa-hali-sportowej-przy-Gimnazujm-nr-9-w-Elblagu-4.jpg'><img width=\"800\" height=\"480\" src=\"https:\/\/elzambud.pl\/wp-content\/uploads\/2023\/07\/Budowa-hali-sportowej-przy-Gimnazujm-nr-9-w-Elblagu-4.jpg\" class=\"attachment-large size-large\" alt=\"\" decoding=\"async\" loading=\"lazy\" srcset=\"https:\/\/elzambud.pl\/wp-content\/uploads\/2023\/07\/Budowa-hali-sportowej-przy-Gimnazujm-nr-9-w-Elblagu-4.jpg 800w, https:\/\/elzambud.pl\/wp-content\/uploads\/2023\/07\/Budowa-hali-sportowej-przy-Gimnazujm-nr-9-w-Elblagu-4-300x180.jpg 300w, https:\/\/elzambud.pl\/wp-content\/uploads\/2023\/07\/Budowa-hali-sportowej-przy-Gimnazujm-nr-9-w-Elblagu-4-768x461.jpg 768w\" sizes=\"(max-width: 800px) 100vw, 800px\" \/><\/a>\n\t\t\t<\/dt><\/dl><br style=\"clear: both\" \/>\n\t\t<\/div>\n<\/div>\n\t\t\t\t<\/div>\n\t\t\t\t\t\t\t<div class=\"elementor-accordion-item\">\n\t\t\t\t\t<div id=\"elementor-tab-title-2524\" class=\"elementor-tab-title\" data-tab=\"4\" role=\"tab\" aria-controls=\"elementor-tab-content-2524\" aria-expanded=\"false\">\n\t\t\t\t\t\t\t\t\t\t\t\t\t<span class=\"elementor-accordion-icon elementor-accordion-icon-left\" aria-hidden=\"true\">\n\t\t\t\t\t\t\t\t\t\t\t\t\t\t\t<span class=\"elementor-accordion-icon-closed\"><i class=\"fas fa-plus\"><\/i><\/span>\n\t\t\t\t\t\t\t\t<span class=\"elementor-accordion-icon-opened\"><i class=\"fas fa-minus\"><\/i><\/span>\n\t\t\t\t\t\t\t\t\t\t\t\t\t\t<\/span>\n\t\t\t\t\t\t\t\t\t\t\t\t<a class=\"elementor-accordion-title\" href=\"\">Olivia Star w Gda\u0144sku przy Alei Grunwaldzkiej<\/a>\n\t\t\t\t\t<\/div>\n\t\t\t\t\t<div id=\"elementor-tab-content-2524\" class=\"elementor-tab-content elementor-clearfix\" data-tab=\"4\" role=\"tabpanel\" aria-labelledby=\"elementor-tab-title-2524\"><p>Realizacja rob\u00f3t ziemnych, fundamentowych i trzech kondygnacji gara\u017cy podziemnych w budynku biurowo-us\u0142ugowym realizowanym pod robocz\u0105 nazw\u0105 ,,Olivia Star\u201d. Roboty wykonywane by\u0142y w terminie od 29.06.2015 do 16.10.2015r. B\u0119dzie to najwy\u017cszy budynek w Gda\u0144sku licz\u0105cy 37 pi\u0119ter. Wszystkie roboty monolityczne czyli: Stopy ,\u0142awy fundamentowe, \u015bciany \u017celbetowe (szalowane jednostronnie), szacht wentylacyjno-windowy w technologii monolitycznej, stropy ze spadkami.<\/p><div id='gallery-3' class='gallery galleryid-2440 gallery-columns-1 gallery-size-large'><dl class='gallery-item'>\n\t\t\t<dt class='gallery-icon landscape'>\n\t\t\t\t<a href='https:\/\/elzambud.pl\/wp-content\/uploads\/2023\/07\/Olivia-Star-w-Gdansku-przy-Alei-Grunwaldzkiej-4.jpg'><img width=\"1024\" height=\"614\" src=\"https:\/\/elzambud.pl\/wp-content\/uploads\/2023\/07\/Olivia-Star-w-Gdansku-przy-Alei-Grunwaldzkiej-4-1024x614.jpg\" class=\"attachment-large size-large\" alt=\"\" decoding=\"async\" loading=\"lazy\" srcset=\"https:\/\/elzambud.pl\/wp-content\/uploads\/2023\/07\/Olivia-Star-w-Gdansku-przy-Alei-Grunwaldzkiej-4-1024x614.jpg 1024w, https:\/\/elzambud.pl\/wp-content\/uploads\/2023\/07\/Olivia-Star-w-Gdansku-przy-Alei-Grunwaldzkiej-4-300x180.jpg 300w, https:\/\/elzambud.pl\/wp-content\/uploads\/2023\/07\/Olivia-Star-w-Gdansku-przy-Alei-Grunwaldzkiej-4-768x461.jpg 768w, https:\/\/elzambud.pl\/wp-content\/uploads\/2023\/07\/Olivia-Star-w-Gdansku-przy-Alei-Grunwaldzkiej-4-1536x922.jpg 1536w, https:\/\/elzambud.pl\/wp-content\/uploads\/2023\/07\/Olivia-Star-w-Gdansku-przy-Alei-Grunwaldzkiej-4.jpg 1800w\" sizes=\"(max-width: 1024px) 100vw, 1024px\" \/><\/a>\n\t\t\t<\/dt><\/dl><br style=\"clear: both\" \/><dl class='gallery-item'>\n\t\t\t<dt class='gallery-icon landscape'>\n\t\t\t\t<a href='https:\/\/elzambud.pl\/wp-content\/uploads\/2023\/07\/Olivia-Star-w-Gdansku-przy-Alei-Grunwaldzkiej-3.jpg'><img width=\"1024\" height=\"614\" src=\"https:\/\/elzambud.pl\/wp-content\/uploads\/2023\/07\/Olivia-Star-w-Gdansku-przy-Alei-Grunwaldzkiej-3-1024x614.jpg\" class=\"attachment-large size-large\" alt=\"\" decoding=\"async\" loading=\"lazy\" srcset=\"https:\/\/elzambud.pl\/wp-content\/uploads\/2023\/07\/Olivia-Star-w-Gdansku-przy-Alei-Grunwaldzkiej-3-1024x614.jpg 1024w, https:\/\/elzambud.pl\/wp-content\/uploads\/2023\/07\/Olivia-Star-w-Gdansku-przy-Alei-Grunwaldzkiej-3-300x180.jpg 300w, https:\/\/elzambud.pl\/wp-content\/uploads\/2023\/07\/Olivia-Star-w-Gdansku-przy-Alei-Grunwaldzkiej-3-768x461.jpg 768w, https:\/\/elzambud.pl\/wp-content\/uploads\/2023\/07\/Olivia-Star-w-Gdansku-przy-Alei-Grunwaldzkiej-3-1536x922.jpg 1536w, https:\/\/elzambud.pl\/wp-content\/uploads\/2023\/07\/Olivia-Star-w-Gdansku-przy-Alei-Grunwaldzkiej-3.jpg 1800w\" sizes=\"(max-width: 1024px) 100vw, 1024px\" \/><\/a>\n\t\t\t<\/dt><\/dl><br style=\"clear: both\" \/><dl class='gallery-item'>\n\t\t\t<dt class='gallery-icon landscape'>\n\t\t\t\t<a href='https:\/\/elzambud.pl\/wp-content\/uploads\/2023\/07\/Olivia-Star-w-Gdansku-przy-Alei-Grunwaldzkiej-2.jpg'><img width=\"1024\" height=\"768\" src=\"https:\/\/elzambud.pl\/wp-content\/uploads\/2023\/07\/Olivia-Star-w-Gdansku-przy-Alei-Grunwaldzkiej-2-1024x768.jpg\" class=\"attachment-large size-large\" alt=\"\" decoding=\"async\" loading=\"lazy\" srcset=\"https:\/\/elzambud.pl\/wp-content\/uploads\/2023\/07\/Olivia-Star-w-Gdansku-przy-Alei-Grunwaldzkiej-2-1024x768.jpg 1024w, https:\/\/elzambud.pl\/wp-content\/uploads\/2023\/07\/Olivia-Star-w-Gdansku-przy-Alei-Grunwaldzkiej-2-300x225.jpg 300w, https:\/\/elzambud.pl\/wp-content\/uploads\/2023\/07\/Olivia-Star-w-Gdansku-przy-Alei-Grunwaldzkiej-2-768x576.jpg 768w, https:\/\/elzambud.pl\/wp-content\/uploads\/2023\/07\/Olivia-Star-w-Gdansku-przy-Alei-Grunwaldzkiej-2.jpg 1440w\" sizes=\"(max-width: 1024px) 100vw, 1024px\" \/><\/a>\n\t\t\t<\/dt><\/dl><br style=\"clear: both\" \/><dl class='gallery-item'>\n\t\t\t<dt class='gallery-icon portrait'>\n\t\t\t\t<a href='https:\/\/elzambud.pl\/wp-content\/uploads\/2023\/07\/Olivia-Star-w-Gdansku-przy-Alei-Grunwaldzkiej-1.jpg'><img width=\"768\" height=\"1024\" src=\"https:\/\/elzambud.pl\/wp-content\/uploads\/2023\/07\/Olivia-Star-w-Gdansku-przy-Alei-Grunwaldzkiej-1-768x1024.jpg\" class=\"attachment-large size-large\" alt=\"\" decoding=\"async\" loading=\"lazy\" srcset=\"https:\/\/elzambud.pl\/wp-content\/uploads\/2023\/07\/Olivia-Star-w-Gdansku-przy-Alei-Grunwaldzkiej-1-768x1024.jpg 768w, https:\/\/elzambud.pl\/wp-content\/uploads\/2023\/07\/Olivia-Star-w-Gdansku-przy-Alei-Grunwaldzkiej-1-225x300.jpg 225w, https:\/\/elzambud.pl\/wp-content\/uploads\/2023\/07\/Olivia-Star-w-Gdansku-przy-Alei-Grunwaldzkiej-1.jpg 1080w\" sizes=\"(max-width: 768px) 100vw, 768px\" \/><\/a>\n\t\t\t<\/dt><\/dl><br style=\"clear: both\" \/>\n\t\t<\/div>\n<\/div>\n\t\t\t\t<\/div>\n\t\t\t\t\t\t\t<div class=\"elementor-accordion-item\">\n\t\t\t\t\t<div id=\"elementor-tab-title-2525\" class=\"elementor-tab-title\" data-tab=\"5\" role=\"tab\" aria-controls=\"elementor-tab-content-2525\" aria-expanded=\"false\">\n\t\t\t\t\t\t\t\t\t\t\t\t\t<span class=\"elementor-accordion-icon elementor-accordion-icon-left\" aria-hidden=\"true\">\n\t\t\t\t\t\t\t\t\t\t\t\t\t\t\t<span class=\"elementor-accordion-icon-closed\"><i class=\"fas fa-plus\"><\/i><\/span>\n\t\t\t\t\t\t\t\t<span class=\"elementor-accordion-icon-opened\"><i class=\"fas fa-minus\"><\/i><\/span>\n\t\t\t\t\t\t\t\t\t\t\t\t\t\t<\/span>\n\t\t\t\t\t\t\t\t\t\t\t\t<a class=\"elementor-accordion-title\" href=\"\">Stra\u017c graniczna w Elbl\u0105gu<\/a>\n\t\t\t\t\t<\/div>\n\t\t\t\t\t<div id=\"elementor-tab-content-2525\" class=\"elementor-tab-content elementor-clearfix\" data-tab=\"5\" role=\"tabpanel\" aria-labelledby=\"elementor-tab-title-2525\"><p>Budowa budynku Stra\u017cy Granicznej na Morskim Przej\u015bciu Granicznym w Elbl\u0105gu.<\/p><p>Zakres rob\u00f3t obejmowa\u0142:<br \/>&#8211; Budow\u0119 nowego obiektu i przylegaj\u0105cych do niego pi\u0119ciu boks\u00f3w gara\u017cowych wraz z ci\u0105giem pieszym, drogami i miejscami gara\u017cowymi<br \/>&#8211; Rozbi\u00f3rce istniej\u0105cego budynku znajduj\u0105cego si\u0119 przy ul. Kotwiczej 2 w Elbl\u0105gu<br \/>&#8211; Budowie kolejnych pi\u0119ciu boks\u00f3w gara\u017cowych w miejscu wyburzonego budynku, w tym jednego boksu z przeznaczeniem dla jednostki p\u0142ywaj\u0105ce, pozosta\u0142ych dr\u00f3g, parking\u00f3w i ci\u0105g\u00f3w pieszych, dw\u00f3ch boks\u00f3w przeznaczonych dla ps\u00f3w s\u0142u\u017cbowych, ogrodzenia terenu i wa\u0142u przeciwpowodziowego<\/p><div id='gallery-4' class='gallery galleryid-2440 gallery-columns-1 gallery-size-large'><dl class='gallery-item'>\n\t\t\t<dt class='gallery-icon landscape'>\n\t\t\t\t<a href='https:\/\/elzambud.pl\/wp-content\/uploads\/2023\/07\/Osiedle-Sloneczne-Bielany-w-Elblagu-4.jpg'><img width=\"800\" height=\"534\" src=\"https:\/\/elzambud.pl\/wp-content\/uploads\/2023\/07\/Osiedle-Sloneczne-Bielany-w-Elblagu-4.jpg\" class=\"attachment-large size-large\" alt=\"\" decoding=\"async\" loading=\"lazy\" srcset=\"https:\/\/elzambud.pl\/wp-content\/uploads\/2023\/07\/Osiedle-Sloneczne-Bielany-w-Elblagu-4.jpg 800w, https:\/\/elzambud.pl\/wp-content\/uploads\/2023\/07\/Osiedle-Sloneczne-Bielany-w-Elblagu-4-300x200.jpg 300w, https:\/\/elzambud.pl\/wp-content\/uploads\/2023\/07\/Osiedle-Sloneczne-Bielany-w-Elblagu-4-768x513.jpg 768w\" sizes=\"(max-width: 800px) 100vw, 800px\" \/><\/a>\n\t\t\t<\/dt><\/dl><br style=\"clear: both\" \/><dl class='gallery-item'>\n\t\t\t<dt class='gallery-icon landscape'>\n\t\t\t\t<a href='https:\/\/elzambud.pl\/wp-content\/uploads\/2023\/07\/Straz-graniczna-w-Elblagu-4-scaled.jpg'><img width=\"1024\" height=\"768\" src=\"https:\/\/elzambud.pl\/wp-content\/uploads\/2023\/07\/Straz-graniczna-w-Elblagu-4-1024x768.jpg\" class=\"attachment-large size-large\" alt=\"\" decoding=\"async\" loading=\"lazy\" srcset=\"https:\/\/elzambud.pl\/wp-content\/uploads\/2023\/07\/Straz-graniczna-w-Elblagu-4-1024x768.jpg 1024w, https:\/\/elzambud.pl\/wp-content\/uploads\/2023\/07\/Straz-graniczna-w-Elblagu-4-300x225.jpg 300w, https:\/\/elzambud.pl\/wp-content\/uploads\/2023\/07\/Straz-graniczna-w-Elblagu-4-768x576.jpg 768w, https:\/\/elzambud.pl\/wp-content\/uploads\/2023\/07\/Straz-graniczna-w-Elblagu-4-1536x1152.jpg 1536w, https:\/\/elzambud.pl\/wp-content\/uploads\/2023\/07\/Straz-graniczna-w-Elblagu-4-2048x1536.jpg 2048w\" sizes=\"(max-width: 1024px) 100vw, 1024px\" \/><\/a>\n\t\t\t<\/dt><\/dl><br style=\"clear: both\" \/><dl class='gallery-item'>\n\t\t\t<dt class='gallery-icon landscape'>\n\t\t\t\t<a href='https:\/\/elzambud.pl\/wp-content\/uploads\/2023\/07\/Straz-graniczna-w-Elblagu-3-scaled.jpg'><img width=\"1024\" height=\"768\" src=\"https:\/\/elzambud.pl\/wp-content\/uploads\/2023\/07\/Straz-graniczna-w-Elblagu-3-1024x768.jpg\" class=\"attachment-large size-large\" alt=\"\" decoding=\"async\" loading=\"lazy\" srcset=\"https:\/\/elzambud.pl\/wp-content\/uploads\/2023\/07\/Straz-graniczna-w-Elblagu-3-1024x768.jpg 1024w, https:\/\/elzambud.pl\/wp-content\/uploads\/2023\/07\/Straz-graniczna-w-Elblagu-3-300x225.jpg 300w, https:\/\/elzambud.pl\/wp-content\/uploads\/2023\/07\/Straz-graniczna-w-Elblagu-3-768x576.jpg 768w, https:\/\/elzambud.pl\/wp-content\/uploads\/2023\/07\/Straz-graniczna-w-Elblagu-3-1536x1152.jpg 1536w, https:\/\/elzambud.pl\/wp-content\/uploads\/2023\/07\/Straz-graniczna-w-Elblagu-3-2048x1536.jpg 2048w\" sizes=\"(max-width: 1024px) 100vw, 1024px\" \/><\/a>\n\t\t\t<\/dt><\/dl><br style=\"clear: both\" \/><dl class='gallery-item'>\n\t\t\t<dt class='gallery-icon landscape'>\n\t\t\t\t<a href='https:\/\/elzambud.pl\/wp-content\/uploads\/2023\/07\/Straz-graniczna-w-Elblagu-1-scaled.jpg'><img width=\"1024\" height=\"768\" src=\"https:\/\/elzambud.pl\/wp-content\/uploads\/2023\/07\/Straz-graniczna-w-Elblagu-1-1024x768.jpg\" class=\"attachment-large size-large\" alt=\"\" decoding=\"async\" loading=\"lazy\" srcset=\"https:\/\/elzambud.pl\/wp-content\/uploads\/2023\/07\/Straz-graniczna-w-Elblagu-1-1024x768.jpg 1024w, https:\/\/elzambud.pl\/wp-content\/uploads\/2023\/07\/Straz-graniczna-w-Elblagu-1-300x225.jpg 300w, https:\/\/elzambud.pl\/wp-content\/uploads\/2023\/07\/Straz-graniczna-w-Elblagu-1-768x576.jpg 768w, https:\/\/elzambud.pl\/wp-content\/uploads\/2023\/07\/Straz-graniczna-w-Elblagu-1-1536x1152.jpg 1536w, https:\/\/elzambud.pl\/wp-content\/uploads\/2023\/07\/Straz-graniczna-w-Elblagu-1-2048x1536.jpg 2048w\" sizes=\"(max-width: 1024px) 100vw, 1024px\" \/><\/a>\n\t\t\t<\/dt><\/dl><br style=\"clear: both\" \/><dl class='gallery-item'>\n\t\t\t<dt class='gallery-icon landscape'>\n\t\t\t\t<a href='https:\/\/elzambud.pl\/wp-content\/uploads\/2023\/07\/Straz-graniczna-w-Elblagu-2-scaled.jpg'><img width=\"1024\" height=\"768\" src=\"https:\/\/elzambud.pl\/wp-content\/uploads\/2023\/07\/Straz-graniczna-w-Elblagu-2-1024x768.jpg\" class=\"attachment-large size-large\" alt=\"\" decoding=\"async\" loading=\"lazy\" srcset=\"https:\/\/elzambud.pl\/wp-content\/uploads\/2023\/07\/Straz-graniczna-w-Elblagu-2-1024x768.jpg 1024w, https:\/\/elzambud.pl\/wp-content\/uploads\/2023\/07\/Straz-graniczna-w-Elblagu-2-300x225.jpg 300w, https:\/\/elzambud.pl\/wp-content\/uploads\/2023\/07\/Straz-graniczna-w-Elblagu-2-768x576.jpg 768w, https:\/\/elzambud.pl\/wp-content\/uploads\/2023\/07\/Straz-graniczna-w-Elblagu-2-1536x1152.jpg 1536w, https:\/\/elzambud.pl\/wp-content\/uploads\/2023\/07\/Straz-graniczna-w-Elblagu-2-2048x1536.jpg 2048w\" sizes=\"(max-width: 1024px) 100vw, 1024px\" \/><\/a>\n\t\t\t<\/dt><\/dl><br style=\"clear: both\" \/>\n\t\t<\/div>\n<\/div>\n\t\t\t\t<\/div>\n\t\t\t\t\t\t\t<div class=\"elementor-accordion-item\">\n\t\t\t\t\t<div id=\"elementor-tab-title-2526\" class=\"elementor-tab-title\" data-tab=\"6\" role=\"tab\" aria-controls=\"elementor-tab-content-2526\" aria-expanded=\"false\">\n\t\t\t\t\t\t\t\t\t\t\t\t\t<span class=\"elementor-accordion-icon elementor-accordion-icon-left\" aria-hidden=\"true\">\n\t\t\t\t\t\t\t\t\t\t\t\t\t\t\t<span class=\"elementor-accordion-icon-closed\"><i class=\"fas fa-plus\"><\/i><\/span>\n\t\t\t\t\t\t\t\t<span class=\"elementor-accordion-icon-opened\"><i class=\"fas fa-minus\"><\/i><\/span>\n\t\t\t\t\t\t\t\t\t\t\t\t\t\t<\/span>\n\t\t\t\t\t\t\t\t\t\t\t\t<a class=\"elementor-accordion-title\" href=\"\">Osiedle S\u0142oneczne Wzg\u00f3rza w Gda\u0144sku<\/a>\n\t\t\t\t\t<\/div>\n\t\t\t\t\t<div id=\"elementor-tab-content-2526\" class=\"elementor-tab-content elementor-clearfix\" data-tab=\"6\" role=\"tabpanel\" aria-labelledby=\"elementor-tab-title-2526\"><div id='gallery-5' class='gallery galleryid-2440 gallery-columns-1 gallery-size-large'><dl class='gallery-item'>\n\t\t\t<dt class='gallery-icon landscape'>\n\t\t\t\t<a href='https:\/\/elzambud.pl\/wp-content\/uploads\/2023\/07\/Osiedle-Sloneczne-wzgorza-w-Gdansku-2.jpg'><img width=\"1024\" height=\"768\" src=\"https:\/\/elzambud.pl\/wp-content\/uploads\/2023\/07\/Osiedle-Sloneczne-wzgorza-w-Gdansku-2-1024x768.jpg\" class=\"attachment-large size-large\" alt=\"\" decoding=\"async\" loading=\"lazy\" srcset=\"https:\/\/elzambud.pl\/wp-content\/uploads\/2023\/07\/Osiedle-Sloneczne-wzgorza-w-Gdansku-2-1024x768.jpg 1024w, https:\/\/elzambud.pl\/wp-content\/uploads\/2023\/07\/Osiedle-Sloneczne-wzgorza-w-Gdansku-2-300x225.jpg 300w, https:\/\/elzambud.pl\/wp-content\/uploads\/2023\/07\/Osiedle-Sloneczne-wzgorza-w-Gdansku-2-768x576.jpg 768w, https:\/\/elzambud.pl\/wp-content\/uploads\/2023\/07\/Osiedle-Sloneczne-wzgorza-w-Gdansku-2.jpg 1280w\" sizes=\"(max-width: 1024px) 100vw, 1024px\" \/><\/a>\n\t\t\t<\/dt><\/dl><br style=\"clear: both\" \/><dl class='gallery-item'>\n\t\t\t<dt class='gallery-icon landscape'>\n\t\t\t\t<a href='https:\/\/elzambud.pl\/wp-content\/uploads\/2023\/07\/Osiedle-Sloneczne-wzgorza-w-Gdansku-3.jpg'><img width=\"1024\" height=\"768\" src=\"https:\/\/elzambud.pl\/wp-content\/uploads\/2023\/07\/Osiedle-Sloneczne-wzgorza-w-Gdansku-3-1024x768.jpg\" class=\"attachment-large size-large\" alt=\"\" decoding=\"async\" loading=\"lazy\" srcset=\"https:\/\/elzambud.pl\/wp-content\/uploads\/2023\/07\/Osiedle-Sloneczne-wzgorza-w-Gdansku-3-1024x768.jpg 1024w, https:\/\/elzambud.pl\/wp-content\/uploads\/2023\/07\/Osiedle-Sloneczne-wzgorza-w-Gdansku-3-300x225.jpg 300w, https:\/\/elzambud.pl\/wp-content\/uploads\/2023\/07\/Osiedle-Sloneczne-wzgorza-w-Gdansku-3-768x576.jpg 768w, https:\/\/elzambud.pl\/wp-content\/uploads\/2023\/07\/Osiedle-Sloneczne-wzgorza-w-Gdansku-3.jpg 1280w\" sizes=\"(max-width: 1024px) 100vw, 1024px\" \/><\/a>\n\t\t\t<\/dt><\/dl><br style=\"clear: both\" \/><dl class='gallery-item'>\n\t\t\t<dt class='gallery-icon landscape'>\n\t\t\t\t<a href='https:\/\/elzambud.pl\/wp-content\/uploads\/2023\/07\/Osiedle-Sloneczne-wzgorza-w-Gdansku-4.jpg'><img width=\"1024\" height=\"768\" src=\"https:\/\/elzambud.pl\/wp-content\/uploads\/2023\/07\/Osiedle-Sloneczne-wzgorza-w-Gdansku-4-1024x768.jpg\" class=\"attachment-large size-large\" alt=\"\" decoding=\"async\" loading=\"lazy\" srcset=\"https:\/\/elzambud.pl\/wp-content\/uploads\/2023\/07\/Osiedle-Sloneczne-wzgorza-w-Gdansku-4-1024x768.jpg 1024w, https:\/\/elzambud.pl\/wp-content\/uploads\/2023\/07\/Osiedle-Sloneczne-wzgorza-w-Gdansku-4-300x225.jpg 300w, https:\/\/elzambud.pl\/wp-content\/uploads\/2023\/07\/Osiedle-Sloneczne-wzgorza-w-Gdansku-4-768x576.jpg 768w, https:\/\/elzambud.pl\/wp-content\/uploads\/2023\/07\/Osiedle-Sloneczne-wzgorza-w-Gdansku-4.jpg 1280w\" sizes=\"(max-width: 1024px) 100vw, 1024px\" \/><\/a>\n\t\t\t<\/dt><\/dl><br style=\"clear: both\" \/><dl class='gallery-item'>\n\t\t\t<dt class='gallery-icon landscape'>\n\t\t\t\t<a href='https:\/\/elzambud.pl\/wp-content\/uploads\/2023\/07\/Osiedle-Sloneczne-wzgorza-w-Gdansku-5.jpg'><img width=\"1024\" height=\"768\" src=\"https:\/\/elzambud.pl\/wp-content\/uploads\/2023\/07\/Osiedle-Sloneczne-wzgorza-w-Gdansku-5-1024x768.jpg\" class=\"attachment-large size-large\" alt=\"\" decoding=\"async\" loading=\"lazy\" srcset=\"https:\/\/elzambud.pl\/wp-content\/uploads\/2023\/07\/Osiedle-Sloneczne-wzgorza-w-Gdansku-5-1024x768.jpg 1024w, https:\/\/elzambud.pl\/wp-content\/uploads\/2023\/07\/Osiedle-Sloneczne-wzgorza-w-Gdansku-5-300x225.jpg 300w, https:\/\/elzambud.pl\/wp-content\/uploads\/2023\/07\/Osiedle-Sloneczne-wzgorza-w-Gdansku-5-768x576.jpg 768w, https:\/\/elzambud.pl\/wp-content\/uploads\/2023\/07\/Osiedle-Sloneczne-wzgorza-w-Gdansku-5.jpg 1280w\" sizes=\"(max-width: 1024px) 100vw, 1024px\" \/><\/a>\n\t\t\t<\/dt><\/dl><br style=\"clear: both\" \/>\n\t\t<\/div>\n<\/div>\n\t\t\t\t<\/div>\n\t\t\t\t\t\t\t<div class=\"elementor-accordion-item\">\n\t\t\t\t\t<div id=\"elementor-tab-title-2527\" class=\"elementor-tab-title\" data-tab=\"7\" role=\"tab\" aria-controls=\"elementor-tab-content-2527\" aria-expanded=\"false\">\n\t\t\t\t\t\t\t\t\t\t\t\t\t<span class=\"elementor-accordion-icon elementor-accordion-icon-left\" aria-hidden=\"true\">\n\t\t\t\t\t\t\t\t\t\t\t\t\t\t\t<span class=\"elementor-accordion-icon-closed\"><i class=\"fas fa-plus\"><\/i><\/span>\n\t\t\t\t\t\t\t\t<span class=\"elementor-accordion-icon-opened\"><i class=\"fas fa-minus\"><\/i><\/span>\n\t\t\t\t\t\t\t\t\t\t\t\t\t\t<\/span>\n\t\t\t\t\t\t\t\t\t\t\t\t<a class=\"elementor-accordion-title\" href=\"\">Osiedle przy ulicy Lipowej w Stegnie<\/a>\n\t\t\t\t\t<\/div>\n\t\t\t\t\t<div id=\"elementor-tab-content-2527\" class=\"elementor-tab-content elementor-clearfix\" data-tab=\"7\" role=\"tabpanel\" aria-labelledby=\"elementor-tab-title-2527\"><div id='gallery-6' class='gallery galleryid-2440 gallery-columns-1 gallery-size-large'><dl class='gallery-item'>\n\t\t\t<dt class='gallery-icon landscape'>\n\t\t\t\t<a href='https:\/\/elzambud.pl\/wp-content\/uploads\/2023\/07\/Osiedle-przy-ulicy-Lipowej-w-Stegnie-5.jpg'><img width=\"800\" height=\"533\" src=\"https:\/\/elzambud.pl\/wp-content\/uploads\/2023\/07\/Osiedle-przy-ulicy-Lipowej-w-Stegnie-5.jpg\" class=\"attachment-large size-large\" alt=\"\" decoding=\"async\" loading=\"lazy\" srcset=\"https:\/\/elzambud.pl\/wp-content\/uploads\/2023\/07\/Osiedle-przy-ulicy-Lipowej-w-Stegnie-5.jpg 800w, https:\/\/elzambud.pl\/wp-content\/uploads\/2023\/07\/Osiedle-przy-ulicy-Lipowej-w-Stegnie-5-300x200.jpg 300w, https:\/\/elzambud.pl\/wp-content\/uploads\/2023\/07\/Osiedle-przy-ulicy-Lipowej-w-Stegnie-5-768x512.jpg 768w\" sizes=\"(max-width: 800px) 100vw, 800px\" \/><\/a>\n\t\t\t<\/dt><\/dl><br style=\"clear: both\" \/><dl class='gallery-item'>\n\t\t\t<dt class='gallery-icon landscape'>\n\t\t\t\t<a href='https:\/\/elzambud.pl\/wp-content\/uploads\/2023\/07\/Osiedle-przy-ulicy-Lipowej-w-Stegnie-4.jpg'><img width=\"1024\" height=\"768\" src=\"https:\/\/elzambud.pl\/wp-content\/uploads\/2023\/07\/Osiedle-przy-ulicy-Lipowej-w-Stegnie-4-1024x768.jpg\" class=\"attachment-large size-large\" alt=\"\" decoding=\"async\" loading=\"lazy\" srcset=\"https:\/\/elzambud.pl\/wp-content\/uploads\/2023\/07\/Osiedle-przy-ulicy-Lipowej-w-Stegnie-4-1024x768.jpg 1024w, https:\/\/elzambud.pl\/wp-content\/uploads\/2023\/07\/Osiedle-przy-ulicy-Lipowej-w-Stegnie-4-300x225.jpg 300w, https:\/\/elzambud.pl\/wp-content\/uploads\/2023\/07\/Osiedle-przy-ulicy-Lipowej-w-Stegnie-4-768x576.jpg 768w, https:\/\/elzambud.pl\/wp-content\/uploads\/2023\/07\/Osiedle-przy-ulicy-Lipowej-w-Stegnie-4-1536x1152.jpg 1536w, https:\/\/elzambud.pl\/wp-content\/uploads\/2023\/07\/Osiedle-przy-ulicy-Lipowej-w-Stegnie-4.jpg 2000w\" sizes=\"(max-width: 1024px) 100vw, 1024px\" \/><\/a>\n\t\t\t<\/dt><\/dl><br style=\"clear: both\" \/><dl class='gallery-item'>\n\t\t\t<dt class='gallery-icon landscape'>\n\t\t\t\t<a href='https:\/\/elzambud.pl\/wp-content\/uploads\/2023\/07\/Osiedle-przy-ulicy-Lipowej-w-Stegnie-3.jpg'><img width=\"800\" height=\"533\" src=\"https:\/\/elzambud.pl\/wp-content\/uploads\/2023\/07\/Osiedle-przy-ulicy-Lipowej-w-Stegnie-3.jpg\" class=\"attachment-large size-large\" alt=\"\" decoding=\"async\" loading=\"lazy\" srcset=\"https:\/\/elzambud.pl\/wp-content\/uploads\/2023\/07\/Osiedle-przy-ulicy-Lipowej-w-Stegnie-3.jpg 800w, https:\/\/elzambud.pl\/wp-content\/uploads\/2023\/07\/Osiedle-przy-ulicy-Lipowej-w-Stegnie-3-300x200.jpg 300w, https:\/\/elzambud.pl\/wp-content\/uploads\/2023\/07\/Osiedle-przy-ulicy-Lipowej-w-Stegnie-3-768x512.jpg 768w\" sizes=\"(max-width: 800px) 100vw, 800px\" \/><\/a>\n\t\t\t<\/dt><\/dl><br style=\"clear: both\" \/><dl class='gallery-item'>\n\t\t\t<dt class='gallery-icon landscape'>\n\t\t\t\t<a href='https:\/\/elzambud.pl\/wp-content\/uploads\/2023\/07\/Osiedle-przy-ulicy-Lipowej-w-Stegnie-2.jpg'><img width=\"800\" height=\"533\" src=\"https:\/\/elzambud.pl\/wp-content\/uploads\/2023\/07\/Osiedle-przy-ulicy-Lipowej-w-Stegnie-2.jpg\" class=\"attachment-large size-large\" alt=\"\" decoding=\"async\" loading=\"lazy\" srcset=\"https:\/\/elzambud.pl\/wp-content\/uploads\/2023\/07\/Osiedle-przy-ulicy-Lipowej-w-Stegnie-2.jpg 800w, https:\/\/elzambud.pl\/wp-content\/uploads\/2023\/07\/Osiedle-przy-ulicy-Lipowej-w-Stegnie-2-300x200.jpg 300w, https:\/\/elzambud.pl\/wp-content\/uploads\/2023\/07\/Osiedle-przy-ulicy-Lipowej-w-Stegnie-2-768x512.jpg 768w\" sizes=\"(max-width: 800px) 100vw, 800px\" \/><\/a>\n\t\t\t<\/dt><\/dl><br style=\"clear: both\" \/><dl class='gallery-item'>\n\t\t\t<dt class='gallery-icon landscape'>\n\t\t\t\t<a href='https:\/\/elzambud.pl\/wp-content\/uploads\/2023\/07\/Osiedle-przy-ulicy-Lipowej-w-Stegnie-1.jpg'><img width=\"800\" height=\"533\" src=\"https:\/\/elzambud.pl\/wp-content\/uploads\/2023\/07\/Osiedle-przy-ulicy-Lipowej-w-Stegnie-1.jpg\" class=\"attachment-large size-large\" alt=\"\" decoding=\"async\" loading=\"lazy\" srcset=\"https:\/\/elzambud.pl\/wp-content\/uploads\/2023\/07\/Osiedle-przy-ulicy-Lipowej-w-Stegnie-1.jpg 800w, https:\/\/elzambud.pl\/wp-content\/uploads\/2023\/07\/Osiedle-przy-ulicy-Lipowej-w-Stegnie-1-300x200.jpg 300w, https:\/\/elzambud.pl\/wp-content\/uploads\/2023\/07\/Osiedle-przy-ulicy-Lipowej-w-Stegnie-1-768x512.jpg 768w\" sizes=\"(max-width: 800px) 100vw, 800px\" \/><\/a>\n\t\t\t<\/dt><\/dl><br style=\"clear: both\" \/>\n\t\t<\/div>\n<\/div>\n\t\t\t\t<\/div>\n\t\t\t\t\t\t\t<div class=\"elementor-accordion-item\">\n\t\t\t\t\t<div id=\"elementor-tab-title-2528\" class=\"elementor-tab-title\" data-tab=\"8\" role=\"tab\" aria-controls=\"elementor-tab-content-2528\" aria-expanded=\"false\">\n\t\t\t\t\t\t\t\t\t\t\t\t\t<span class=\"elementor-accordion-icon elementor-accordion-icon-left\" aria-hidden=\"true\">\n\t\t\t\t\t\t\t\t\t\t\t\t\t\t\t<span class=\"elementor-accordion-icon-closed\"><i class=\"fas fa-plus\"><\/i><\/span>\n\t\t\t\t\t\t\t\t<span class=\"elementor-accordion-icon-opened\"><i class=\"fas fa-minus\"><\/i><\/span>\n\t\t\t\t\t\t\t\t\t\t\t\t\t\t<\/span>\n\t\t\t\t\t\t\t\t\t\t\t\t<a class=\"elementor-accordion-title\" href=\"\">Osiedle S\u0142oneczne Bielany w Elbl\u0105gu<\/a>\n\t\t\t\t\t<\/div>\n\t\t\t\t\t<div id=\"elementor-tab-content-2528\" class=\"elementor-tab-content elementor-clearfix\" data-tab=\"8\" role=\"tabpanel\" aria-labelledby=\"elementor-tab-title-2528\"><div id='gallery-7' class='gallery galleryid-2440 gallery-columns-1 gallery-size-large'><dl class='gallery-item'>\n\t\t\t<dt class='gallery-icon landscape'>\n\t\t\t\t<a href='https:\/\/elzambud.pl\/wp-content\/uploads\/2023\/07\/Osiedle-Sloneczne-Bielany-w-Elblagu-6.jpg'><img width=\"800\" height=\"534\" src=\"https:\/\/elzambud.pl\/wp-content\/uploads\/2023\/07\/Osiedle-Sloneczne-Bielany-w-Elblagu-6.jpg\" class=\"attachment-large size-large\" alt=\"\" decoding=\"async\" loading=\"lazy\" srcset=\"https:\/\/elzambud.pl\/wp-content\/uploads\/2023\/07\/Osiedle-Sloneczne-Bielany-w-Elblagu-6.jpg 800w, https:\/\/elzambud.pl\/wp-content\/uploads\/2023\/07\/Osiedle-Sloneczne-Bielany-w-Elblagu-6-300x200.jpg 300w, https:\/\/elzambud.pl\/wp-content\/uploads\/2023\/07\/Osiedle-Sloneczne-Bielany-w-Elblagu-6-768x513.jpg 768w\" sizes=\"(max-width: 800px) 100vw, 800px\" \/><\/a>\n\t\t\t<\/dt><\/dl><br style=\"clear: both\" \/><dl class='gallery-item'>\n\t\t\t<dt class='gallery-icon landscape'>\n\t\t\t\t<a href='https:\/\/elzambud.pl\/wp-content\/uploads\/2023\/07\/Osiedle-Sloneczne-Bielany-w-Elblagu-5-scaled.jpg'><img width=\"1024\" height=\"768\" src=\"https:\/\/elzambud.pl\/wp-content\/uploads\/2023\/07\/Osiedle-Sloneczne-Bielany-w-Elblagu-5-1024x768.jpg\" class=\"attachment-large size-large\" alt=\"\" decoding=\"async\" loading=\"lazy\" srcset=\"https:\/\/elzambud.pl\/wp-content\/uploads\/2023\/07\/Osiedle-Sloneczne-Bielany-w-Elblagu-5-1024x768.jpg 1024w, https:\/\/elzambud.pl\/wp-content\/uploads\/2023\/07\/Osiedle-Sloneczne-Bielany-w-Elblagu-5-300x225.jpg 300w, https:\/\/elzambud.pl\/wp-content\/uploads\/2023\/07\/Osiedle-Sloneczne-Bielany-w-Elblagu-5-768x576.jpg 768w, https:\/\/elzambud.pl\/wp-content\/uploads\/2023\/07\/Osiedle-Sloneczne-Bielany-w-Elblagu-5-1536x1152.jpg 1536w, https:\/\/elzambud.pl\/wp-content\/uploads\/2023\/07\/Osiedle-Sloneczne-Bielany-w-Elblagu-5-2048x1536.jpg 2048w\" sizes=\"(max-width: 1024px) 100vw, 1024px\" \/><\/a>\n\t\t\t<\/dt><\/dl><br style=\"clear: both\" \/><dl class='gallery-item'>\n\t\t\t<dt class='gallery-icon landscape'>\n\t\t\t\t<a href='https:\/\/elzambud.pl\/wp-content\/uploads\/2023\/07\/Osiedle-Sloneczne-Bielany-w-Elblagu-4.jpg'><img width=\"800\" height=\"534\" src=\"https:\/\/elzambud.pl\/wp-content\/uploads\/2023\/07\/Osiedle-Sloneczne-Bielany-w-Elblagu-4.jpg\" class=\"attachment-large size-large\" alt=\"\" decoding=\"async\" loading=\"lazy\" srcset=\"https:\/\/elzambud.pl\/wp-content\/uploads\/2023\/07\/Osiedle-Sloneczne-Bielany-w-Elblagu-4.jpg 800w, https:\/\/elzambud.pl\/wp-content\/uploads\/2023\/07\/Osiedle-Sloneczne-Bielany-w-Elblagu-4-300x200.jpg 300w, https:\/\/elzambud.pl\/wp-content\/uploads\/2023\/07\/Osiedle-Sloneczne-Bielany-w-Elblagu-4-768x513.jpg 768w\" sizes=\"(max-width: 800px) 100vw, 800px\" \/><\/a>\n\t\t\t<\/dt><\/dl><br style=\"clear: both\" \/><dl class='gallery-item'>\n\t\t\t<dt class='gallery-icon landscape'>\n\t\t\t\t<a href='https:\/\/elzambud.pl\/wp-content\/uploads\/2023\/07\/Osiedle-Sloneczne-Bielany-w-Elblagu-3.jpg'><img width=\"800\" height=\"534\" src=\"https:\/\/elzambud.pl\/wp-content\/uploads\/2023\/07\/Osiedle-Sloneczne-Bielany-w-Elblagu-3.jpg\" class=\"attachment-large size-large\" alt=\"\" decoding=\"async\" loading=\"lazy\" srcset=\"https:\/\/elzambud.pl\/wp-content\/uploads\/2023\/07\/Osiedle-Sloneczne-Bielany-w-Elblagu-3.jpg 800w, https:\/\/elzambud.pl\/wp-content\/uploads\/2023\/07\/Osiedle-Sloneczne-Bielany-w-Elblagu-3-300x200.jpg 300w, https:\/\/elzambud.pl\/wp-content\/uploads\/2023\/07\/Osiedle-Sloneczne-Bielany-w-Elblagu-3-768x513.jpg 768w\" sizes=\"(max-width: 800px) 100vw, 800px\" \/><\/a>\n\t\t\t<\/dt><\/dl><br style=\"clear: both\" \/><dl class='gallery-item'>\n\t\t\t<dt class='gallery-icon landscape'>\n\t\t\t\t<a href='https:\/\/elzambud.pl\/wp-content\/uploads\/2023\/07\/Osiedle-Sloneczne-Bielany-w-Elblagu-2.jpg'><img width=\"800\" height=\"534\" src=\"https:\/\/elzambud.pl\/wp-content\/uploads\/2023\/07\/Osiedle-Sloneczne-Bielany-w-Elblagu-2.jpg\" class=\"attachment-large size-large\" alt=\"\" decoding=\"async\" loading=\"lazy\" srcset=\"https:\/\/elzambud.pl\/wp-content\/uploads\/2023\/07\/Osiedle-Sloneczne-Bielany-w-Elblagu-2.jpg 800w, https:\/\/elzambud.pl\/wp-content\/uploads\/2023\/07\/Osiedle-Sloneczne-Bielany-w-Elblagu-2-300x200.jpg 300w, https:\/\/elzambud.pl\/wp-content\/uploads\/2023\/07\/Osiedle-Sloneczne-Bielany-w-Elblagu-2-768x513.jpg 768w\" sizes=\"(max-width: 800px) 100vw, 800px\" \/><\/a>\n\t\t\t<\/dt><\/dl><br style=\"clear: both\" \/>\n\t\t<\/div>\n<\/div>\n\t\t\t\t<\/div>\n\t\t\t\t\t\t\t<div class=\"elementor-accordion-item\">\n\t\t\t\t\t<div id=\"elementor-tab-title-2529\" class=\"elementor-tab-title\" data-tab=\"9\" role=\"tab\" aria-controls=\"elementor-tab-content-2529\" aria-expanded=\"false\">\n\t\t\t\t\t\t\t\t\t\t\t\t\t<span class=\"elementor-accordion-icon elementor-accordion-icon-left\" aria-hidden=\"true\">\n\t\t\t\t\t\t\t\t\t\t\t\t\t\t\t<span class=\"elementor-accordion-icon-closed\"><i class=\"fas fa-plus\"><\/i><\/span>\n\t\t\t\t\t\t\t\t<span class=\"elementor-accordion-icon-opened\"><i class=\"fas fa-minus\"><\/i><\/span>\n\t\t\t\t\t\t\t\t\t\t\t\t\t\t<\/span>\n\t\t\t\t\t\t\t\t\t\t\t\t<a class=\"elementor-accordion-title\" href=\"\">Przebudowa, nadbudowa i rozbudowa budynku dydaktycznego PWSZ Elbl\u0105gu <\/a>\n\t\t\t\t\t<\/div>\n\t\t\t\t\t<div id=\"elementor-tab-content-2529\" class=\"elementor-tab-content elementor-clearfix\" data-tab=\"9\" role=\"tabpanel\" aria-labelledby=\"elementor-tab-title-2529\"><p><img decoding=\"async\" loading=\"lazy\" class=\"alignnone size-full wp-image-3786\" src=\"https:\/\/elzambud.pl\/wp-content\/uploads\/2024\/04\/pwsz-4.jpg\" alt=\"\" width=\"1850\" height=\"1040\" srcset=\"https:\/\/elzambud.pl\/wp-content\/uploads\/2024\/04\/pwsz-4.jpg 1850w, https:\/\/elzambud.pl\/wp-content\/uploads\/2024\/04\/pwsz-4-300x169.jpg 300w, https:\/\/elzambud.pl\/wp-content\/uploads\/2024\/04\/pwsz-4-1024x576.jpg 1024w, https:\/\/elzambud.pl\/wp-content\/uploads\/2024\/04\/pwsz-4-768x432.jpg 768w, https:\/\/elzambud.pl\/wp-content\/uploads\/2024\/04\/pwsz-4-1536x863.jpg 1536w\" sizes=\"(max-width: 1850px) 100vw, 1850px\" \/> <img decoding=\"async\" loading=\"lazy\" class=\"alignnone size-full wp-image-3787\" src=\"https:\/\/elzambud.pl\/wp-content\/uploads\/2024\/04\/pwsz-2-scaled.jpg\" alt=\"\" width=\"1920\" height=\"2560\" srcset=\"https:\/\/elzambud.pl\/wp-content\/uploads\/2024\/04\/pwsz-2-scaled.jpg 1920w, https:\/\/elzambud.pl\/wp-content\/uploads\/2024\/04\/pwsz-2-225x300.jpg 225w, https:\/\/elzambud.pl\/wp-content\/uploads\/2024\/04\/pwsz-2-768x1024.jpg 768w, https:\/\/elzambud.pl\/wp-content\/uploads\/2024\/04\/pwsz-2-1152x1536.jpg 1152w, https:\/\/elzambud.pl\/wp-content\/uploads\/2024\/04\/pwsz-2-1536x2048.jpg 1536w\" sizes=\"(max-width: 1920px) 100vw, 1920px\" \/> <img decoding=\"async\" loading=\"lazy\" class=\"alignnone size-full wp-image-3788\" src=\"https:\/\/elzambud.pl\/wp-content\/uploads\/2024\/04\/pwsz-1-scaled.jpg\" alt=\"\" width=\"1920\" height=\"2560\" srcset=\"https:\/\/elzambud.pl\/wp-content\/uploads\/2024\/04\/pwsz-1-scaled.jpg 1920w, https:\/\/elzambud.pl\/wp-content\/uploads\/2024\/04\/pwsz-1-225x300.jpg 225w, https:\/\/elzambud.pl\/wp-content\/uploads\/2024\/04\/pwsz-1-768x1024.jpg 768w, https:\/\/elzambud.pl\/wp-content\/uploads\/2024\/04\/pwsz-1-1152x1536.jpg 1152w, https:\/\/elzambud.pl\/wp-content\/uploads\/2024\/04\/pwsz-1-1536x2048.jpg 1536w\" sizes=\"(max-width: 1920px) 100vw, 1920px\" \/> <img decoding=\"async\" loading=\"lazy\" class=\"alignnone size-full wp-image-3789\" src=\"https:\/\/elzambud.pl\/wp-content\/uploads\/2024\/04\/pwsz-3-scaled.jpg\" alt=\"\" width=\"2560\" height=\"1920\" srcset=\"https:\/\/elzambud.pl\/wp-content\/uploads\/2024\/04\/pwsz-3-scaled.jpg 2560w, https:\/\/elzambud.pl\/wp-content\/uploads\/2024\/04\/pwsz-3-300x225.jpg 300w, https:\/\/elzambud.pl\/wp-content\/uploads\/2024\/04\/pwsz-3-1024x768.jpg 1024w, https:\/\/elzambud.pl\/wp-content\/uploads\/2024\/04\/pwsz-3-768x576.jpg 768w, https:\/\/elzambud.pl\/wp-content\/uploads\/2024\/04\/pwsz-3-1536x1152.jpg 1536w, https:\/\/elzambud.pl\/wp-content\/uploads\/2024\/04\/pwsz-3-2048x1536.jpg 2048w\" sizes=\"(max-width: 2560px) 100vw, 2560px\" \/><\/p><\/div>\n\t\t\t\t<\/div>\n\t\t\t\t\t\t\t<div class=\"elementor-accordion-item\">\n\t\t\t\t\t<div id=\"elementor-tab-title-25210\" class=\"elementor-tab-title\" data-tab=\"10\" role=\"tab\" aria-controls=\"elementor-tab-content-25210\" aria-expanded=\"false\">\n\t\t\t\t\t\t\t\t\t\t\t\t\t<span class=\"elementor-accordion-icon elementor-accordion-icon-left\" aria-hidden=\"true\">\n\t\t\t\t\t\t\t\t\t\t\t\t\t\t\t<span class=\"elementor-accordion-icon-closed\"><i class=\"fas fa-plus\"><\/i><\/span>\n\t\t\t\t\t\t\t\t<span class=\"elementor-accordion-icon-opened\"><i class=\"fas fa-minus\"><\/i><\/span>\n\t\t\t\t\t\t\t\t\t\t\t\t\t\t<\/span>\n\t\t\t\t\t\t\t\t\t\t\t\t<a class=\"elementor-accordion-title\" href=\"\">Basen miejski w Elbl\u0105gu<\/a>\n\t\t\t\t\t<\/div>\n\t\t\t\t\t<div id=\"elementor-tab-content-25210\" class=\"elementor-tab-content elementor-clearfix\" data-tab=\"10\" role=\"tabpanel\" aria-labelledby=\"elementor-tab-title-25210\"><p>Przebudowa krytej p\u0142ywalni przy ul. Robotniczej w Elbl\u0105gu.<\/p><p>Zakres rob\u00f3t obejmowa\u0142:<br \/>&#8211; Przebudow\u0119 niecek basenowych<br \/>&#8211; Przebudow\u0119 pla\u017c basenowych<br \/>&#8211; Przebudow\u0119 wentylacji budynku wraz z automatyk\u0105 sterowania<br \/>&#8211; Zmian\u0119 technologii uzdatniania wody wraz z automatyk\u0105 sterownia<br \/>&#8211; Roboty wyko\u0144czeniowe w ci\u0105gach komunikacyjnych parteru i I pi\u0119tra<br \/>&#8211; Dostosowanie obiektu dla potrzeb os\u00f3b niepe\u0142nosprawnych w tym: dostaw\u0119 i monta\u017c d\u017awigu osobowego, wykonanie zespo\u0142u szatniowego wraz z w\u0119z\u0142em sanitarnym<br \/>&#8211; Przebudow\u0119 toalet\u00a0<br \/>&#8211; Przebudow\u0119 szatni<br \/>&#8211; Wymian\u0119 instalacji wod-kan<br \/>&#8211; Wymian\u0119 instalacji elektrycznych<br \/>&#8211; Wykonanie instalacji o\u015bwietlenia ewakuacyjnego<br \/>&#8211; Wykonanie systemu oddymiania klatek schodowych<br \/>&#8211; Wykonanie sufit\u00f3w podwieszanych nad ma\u0142\u0105 nieck\u0105<br \/>&#8211; Wykonanie remontu klatki schodowej<br \/>&#8211; Wymian\u0119 stolarki okiennej i drzwiowej<\/p><div id='gallery-8' class='gallery galleryid-2440 gallery-columns-1 gallery-size-large'><dl class='gallery-item'>\n\t\t\t<dt class='gallery-icon landscape'>\n\t\t\t\t<a href='https:\/\/elzambud.pl\/wp-content\/uploads\/2023\/07\/Basen-miejski-w-Elblagu-1-scaled.jpg'><img width=\"1024\" height=\"768\" src=\"https:\/\/elzambud.pl\/wp-content\/uploads\/2023\/07\/Basen-miejski-w-Elblagu-1-1024x768.jpg\" class=\"attachment-large size-large\" alt=\"\" decoding=\"async\" loading=\"lazy\" srcset=\"https:\/\/elzambud.pl\/wp-content\/uploads\/2023\/07\/Basen-miejski-w-Elblagu-1-1024x768.jpg 1024w, https:\/\/elzambud.pl\/wp-content\/uploads\/2023\/07\/Basen-miejski-w-Elblagu-1-300x225.jpg 300w, https:\/\/elzambud.pl\/wp-content\/uploads\/2023\/07\/Basen-miejski-w-Elblagu-1-768x576.jpg 768w, https:\/\/elzambud.pl\/wp-content\/uploads\/2023\/07\/Basen-miejski-w-Elblagu-1-1536x1152.jpg 1536w, https:\/\/elzambud.pl\/wp-content\/uploads\/2023\/07\/Basen-miejski-w-Elblagu-1-2048x1536.jpg 2048w\" sizes=\"(max-width: 1024px) 100vw, 1024px\" \/><\/a>\n\t\t\t<\/dt><\/dl><br style=\"clear: both\" \/><dl class='gallery-item'>\n\t\t\t<dt class='gallery-icon landscape'>\n\t\t\t\t<a href='https:\/\/elzambud.pl\/wp-content\/uploads\/2023\/07\/Basen-miejski-w-Elblagu-2-scaled.jpg'><img width=\"1024\" height=\"768\" src=\"https:\/\/elzambud.pl\/wp-content\/uploads\/2023\/07\/Basen-miejski-w-Elblagu-2-1024x768.jpg\" class=\"attachment-large size-large\" alt=\"\" decoding=\"async\" loading=\"lazy\" srcset=\"https:\/\/elzambud.pl\/wp-content\/uploads\/2023\/07\/Basen-miejski-w-Elblagu-2-1024x768.jpg 1024w, https:\/\/elzambud.pl\/wp-content\/uploads\/2023\/07\/Basen-miejski-w-Elblagu-2-300x225.jpg 300w, https:\/\/elzambud.pl\/wp-content\/uploads\/2023\/07\/Basen-miejski-w-Elblagu-2-768x576.jpg 768w, https:\/\/elzambud.pl\/wp-content\/uploads\/2023\/07\/Basen-miejski-w-Elblagu-2-1536x1152.jpg 1536w, https:\/\/elzambud.pl\/wp-content\/uploads\/2023\/07\/Basen-miejski-w-Elblagu-2-2048x1536.jpg 2048w\" sizes=\"(max-width: 1024px) 100vw, 1024px\" \/><\/a>\n\t\t\t<\/dt><\/dl><br style=\"clear: both\" \/><dl class='gallery-item'>\n\t\t\t<dt class='gallery-icon landscape'>\n\t\t\t\t<a href='https:\/\/elzambud.pl\/wp-content\/uploads\/2023\/07\/Basen-miejski-w-Elblagu-3-scaled.jpg'><img width=\"1024\" height=\"576\" src=\"https:\/\/elzambud.pl\/wp-content\/uploads\/2023\/07\/Basen-miejski-w-Elblagu-3-1024x576.jpg\" class=\"attachment-large size-large\" alt=\"\" decoding=\"async\" loading=\"lazy\" srcset=\"https:\/\/elzambud.pl\/wp-content\/uploads\/2023\/07\/Basen-miejski-w-Elblagu-3-1024x576.jpg 1024w, https:\/\/elzambud.pl\/wp-content\/uploads\/2023\/07\/Basen-miejski-w-Elblagu-3-300x169.jpg 300w, https:\/\/elzambud.pl\/wp-content\/uploads\/2023\/07\/Basen-miejski-w-Elblagu-3-768x432.jpg 768w, https:\/\/elzambud.pl\/wp-content\/uploads\/2023\/07\/Basen-miejski-w-Elblagu-3-1536x864.jpg 1536w, https:\/\/elzambud.pl\/wp-content\/uploads\/2023\/07\/Basen-miejski-w-Elblagu-3-2048x1152.jpg 2048w\" sizes=\"(max-width: 1024px) 100vw, 1024px\" \/><\/a>\n\t\t\t<\/dt><\/dl><br style=\"clear: both\" \/><dl class='gallery-item'>\n\t\t\t<dt class='gallery-icon landscape'>\n\t\t\t\t<a href='https:\/\/elzambud.pl\/wp-content\/uploads\/2023\/07\/Basen-miejski-w-Elblagu-4-scaled.jpg'><img width=\"1024\" height=\"576\" src=\"https:\/\/elzambud.pl\/wp-content\/uploads\/2023\/07\/Basen-miejski-w-Elblagu-4-1024x576.jpg\" class=\"attachment-large size-large\" alt=\"\" decoding=\"async\" loading=\"lazy\" srcset=\"https:\/\/elzambud.pl\/wp-content\/uploads\/2023\/07\/Basen-miejski-w-Elblagu-4-1024x576.jpg 1024w, https:\/\/elzambud.pl\/wp-content\/uploads\/2023\/07\/Basen-miejski-w-Elblagu-4-300x169.jpg 300w, https:\/\/elzambud.pl\/wp-content\/uploads\/2023\/07\/Basen-miejski-w-Elblagu-4-768x432.jpg 768w, https:\/\/elzambud.pl\/wp-content\/uploads\/2023\/07\/Basen-miejski-w-Elblagu-4-1536x864.jpg 1536w, https:\/\/elzambud.pl\/wp-content\/uploads\/2023\/07\/Basen-miejski-w-Elblagu-4-2048x1152.jpg 2048w\" sizes=\"(max-width: 1024px) 100vw, 1024px\" \/><\/a>\n\t\t\t<\/dt><\/dl><br style=\"clear: both\" \/><dl class='gallery-item'>\n\t\t\t<dt class='gallery-icon landscape'>\n\t\t\t\t<a href='https:\/\/elzambud.pl\/wp-content\/uploads\/2023\/07\/Basen-miejski-w-Elblagu-5-scaled.jpg'><img width=\"1024\" height=\"576\" src=\"https:\/\/elzambud.pl\/wp-content\/uploads\/2023\/07\/Basen-miejski-w-Elblagu-5-1024x576.jpg\" class=\"attachment-large size-large\" alt=\"\" decoding=\"async\" loading=\"lazy\" srcset=\"https:\/\/elzambud.pl\/wp-content\/uploads\/2023\/07\/Basen-miejski-w-Elblagu-5-1024x576.jpg 1024w, https:\/\/elzambud.pl\/wp-content\/uploads\/2023\/07\/Basen-miejski-w-Elblagu-5-300x169.jpg 300w, https:\/\/elzambud.pl\/wp-content\/uploads\/2023\/07\/Basen-miejski-w-Elblagu-5-768x432.jpg 768w, https:\/\/elzambud.pl\/wp-content\/uploads\/2023\/07\/Basen-miejski-w-Elblagu-5-1536x864.jpg 1536w, https:\/\/elzambud.pl\/wp-content\/uploads\/2023\/07\/Basen-miejski-w-Elblagu-5-2048x1152.jpg 2048w\" sizes=\"(max-width: 1024px) 100vw, 1024px\" \/><\/a>\n\t\t\t<\/dt><\/dl><br style=\"clear: both\" \/>\n\t\t<\/div>\n<\/div>\n\t\t\t\t<\/div>\n\t\t\t\t\t\t\t<div class=\"elementor-accordion-item\">\n\t\t\t\t\t<div id=\"elementor-tab-title-25211\" class=\"elementor-tab-title\" data-tab=\"11\" role=\"tab\" aria-controls=\"elementor-tab-content-25211\" aria-expanded=\"false\">\n\t\t\t\t\t\t\t\t\t\t\t\t\t<span class=\"elementor-accordion-icon elementor-accordion-icon-left\" aria-hidden=\"true\">\n\t\t\t\t\t\t\t\t\t\t\t\t\t\t\t<span class=\"elementor-accordion-icon-closed\"><i class=\"fas fa-plus\"><\/i><\/span>\n\t\t\t\t\t\t\t\t<span class=\"elementor-accordion-icon-opened\"><i class=\"fas fa-minus\"><\/i><\/span>\n\t\t\t\t\t\t\t\t\t\t\t\t\t\t<\/span>\n\t\t\t\t\t\t\t\t\t\t\t\t<a class=\"elementor-accordion-title\" href=\"\">Osiedle dom\u00f3w jednorodzinnych przy ulicy Grodzie\u0144skiej w Elbl\u0105gu<\/a>\n\t\t\t\t\t<\/div>\n\t\t\t\t\t<div id=\"elementor-tab-content-25211\" class=\"elementor-tab-content elementor-clearfix\" data-tab=\"11\" role=\"tabpanel\" aria-labelledby=\"elementor-tab-title-25211\"><p>Osiedle dom\u00f3w jednorodzinnych &#8211; 'Grodzie\u0144ska Residence&#8217;<\/p><p>Inwestycja obejmowa\u0142a ca\u0142kowite stworzenie nowego osiedla mieszkaniowego.<br \/>Budowa obejmowa\u0142a 23 budynki w zabudowie bli\u017aniaczej, zapewniaj\u0105c mieszka\u0144com kameralno\u015b\u0107 osiedla.<\/p><div id='gallery-9' class='gallery galleryid-2440 gallery-columns-1 gallery-size-large'><dl class='gallery-item'>\n\t\t\t<dt class='gallery-icon landscape'>\n\t\t\t\t<a href='https:\/\/elzambud.pl\/wp-content\/uploads\/2023\/07\/Osiedle-domow-jednorodzinnych-przy-ulicy-Grodzienskiej-w-Elblagu-1.png'><img width=\"1000\" height=\"1000\" src=\"https:\/\/elzambud.pl\/wp-content\/uploads\/2023\/07\/Osiedle-domow-jednorodzinnych-przy-ulicy-Grodzienskiej-w-Elblagu-1.png\" class=\"attachment-large size-large\" alt=\"\" decoding=\"async\" loading=\"lazy\" srcset=\"https:\/\/elzambud.pl\/wp-content\/uploads\/2023\/07\/Osiedle-domow-jednorodzinnych-przy-ulicy-Grodzienskiej-w-Elblagu-1.png 1000w, https:\/\/elzambud.pl\/wp-content\/uploads\/2023\/07\/Osiedle-domow-jednorodzinnych-przy-ulicy-Grodzienskiej-w-Elblagu-1-300x300.png 300w, https:\/\/elzambud.pl\/wp-content\/uploads\/2023\/07\/Osiedle-domow-jednorodzinnych-przy-ulicy-Grodzienskiej-w-Elblagu-1-150x150.png 150w, https:\/\/elzambud.pl\/wp-content\/uploads\/2023\/07\/Osiedle-domow-jednorodzinnych-przy-ulicy-Grodzienskiej-w-Elblagu-1-768x768.png 768w\" sizes=\"(max-width: 1000px) 100vw, 1000px\" \/><\/a>\n\t\t\t<\/dt><\/dl><br style=\"clear: both\" \/><dl class='gallery-item'>\n\t\t\t<dt class='gallery-icon landscape'>\n\t\t\t\t<a href='https:\/\/elzambud.pl\/wp-content\/uploads\/2023\/07\/Osiedle-domow-jednorodzinnych-przy-ulicy-Grodzienskiej-w-Elblagu-2.png'><img width=\"600\" height=\"600\" src=\"https:\/\/elzambud.pl\/wp-content\/uploads\/2023\/07\/Osiedle-domow-jednorodzinnych-przy-ulicy-Grodzienskiej-w-Elblagu-2.png\" class=\"attachment-large size-large\" alt=\"\" decoding=\"async\" loading=\"lazy\" srcset=\"https:\/\/elzambud.pl\/wp-content\/uploads\/2023\/07\/Osiedle-domow-jednorodzinnych-przy-ulicy-Grodzienskiej-w-Elblagu-2.png 600w, https:\/\/elzambud.pl\/wp-content\/uploads\/2023\/07\/Osiedle-domow-jednorodzinnych-przy-ulicy-Grodzienskiej-w-Elblagu-2-300x300.png 300w, https:\/\/elzambud.pl\/wp-content\/uploads\/2023\/07\/Osiedle-domow-jednorodzinnych-przy-ulicy-Grodzienskiej-w-Elblagu-2-150x150.png 150w\" sizes=\"(max-width: 600px) 100vw, 600px\" \/><\/a>\n\t\t\t<\/dt><\/dl><br style=\"clear: both\" \/><dl class='gallery-item'>\n\t\t\t<dt class='gallery-icon landscape'>\n\t\t\t\t<a href='https:\/\/elzambud.pl\/wp-content\/uploads\/2023\/07\/Osiedle-domow-jednorodzinnych-przy-ulicy-Grodzienskiej-w-Elblagu-3.png'><img width=\"600\" height=\"600\" src=\"https:\/\/elzambud.pl\/wp-content\/uploads\/2023\/07\/Osiedle-domow-jednorodzinnych-przy-ulicy-Grodzienskiej-w-Elblagu-3.png\" class=\"attachment-large size-large\" alt=\"\" decoding=\"async\" loading=\"lazy\" srcset=\"https:\/\/elzambud.pl\/wp-content\/uploads\/2023\/07\/Osiedle-domow-jednorodzinnych-przy-ulicy-Grodzienskiej-w-Elblagu-3.png 600w, https:\/\/elzambud.pl\/wp-content\/uploads\/2023\/07\/Osiedle-domow-jednorodzinnych-przy-ulicy-Grodzienskiej-w-Elblagu-3-300x300.png 300w, https:\/\/elzambud.pl\/wp-content\/uploads\/2023\/07\/Osiedle-domow-jednorodzinnych-przy-ulicy-Grodzienskiej-w-Elblagu-3-150x150.png 150w\" sizes=\"(max-width: 600px) 100vw, 600px\" \/><\/a>\n\t\t\t<\/dt><\/dl><br style=\"clear: both\" \/><dl class='gallery-item'>\n\t\t\t<dt class='gallery-icon portrait'>\n\t\t\t\t<a href='https:\/\/elzambud.pl\/wp-content\/uploads\/2023\/07\/Osiedle-domow-jednorodzinnych-przy-ulicy-Grodzienskiej-w-Elblagu-4.png'><img width=\"700\" height=\"1024\" src=\"https:\/\/elzambud.pl\/wp-content\/uploads\/2023\/07\/Osiedle-domow-jednorodzinnych-przy-ulicy-Grodzienskiej-w-Elblagu-4-700x1024.png\" class=\"attachment-large size-large\" alt=\"\" decoding=\"async\" loading=\"lazy\" srcset=\"https:\/\/elzambud.pl\/wp-content\/uploads\/2023\/07\/Osiedle-domow-jednorodzinnych-przy-ulicy-Grodzienskiej-w-Elblagu-4-700x1024.png 700w, https:\/\/elzambud.pl\/wp-content\/uploads\/2023\/07\/Osiedle-domow-jednorodzinnych-przy-ulicy-Grodzienskiej-w-Elblagu-4-205x300.png 205w, https:\/\/elzambud.pl\/wp-content\/uploads\/2023\/07\/Osiedle-domow-jednorodzinnych-przy-ulicy-Grodzienskiej-w-Elblagu-4-768x1124.png 768w, https:\/\/elzambud.pl\/wp-content\/uploads\/2023\/07\/Osiedle-domow-jednorodzinnych-przy-ulicy-Grodzienskiej-w-Elblagu-4.png 800w\" sizes=\"(max-width: 700px) 100vw, 700px\" \/><\/a>\n\t\t\t<\/dt><\/dl><br style=\"clear: both\" \/><dl class='gallery-item'>\n\t\t\t<dt class='gallery-icon portrait'>\n\t\t\t\t<a href='https:\/\/elzambud.pl\/wp-content\/uploads\/2023\/07\/Osiedle-domow-jednorodzinnych-przy-ulicy-Grodzienskiej-w-Elblagu-5.png'><img width=\"700\" height=\"1024\" src=\"https:\/\/elzambud.pl\/wp-content\/uploads\/2023\/07\/Osiedle-domow-jednorodzinnych-przy-ulicy-Grodzienskiej-w-Elblagu-5-700x1024.png\" class=\"attachment-large size-large\" alt=\"\" decoding=\"async\" loading=\"lazy\" srcset=\"https:\/\/elzambud.pl\/wp-content\/uploads\/2023\/07\/Osiedle-domow-jednorodzinnych-przy-ulicy-Grodzienskiej-w-Elblagu-5-700x1024.png 700w, https:\/\/elzambud.pl\/wp-content\/uploads\/2023\/07\/Osiedle-domow-jednorodzinnych-przy-ulicy-Grodzienskiej-w-Elblagu-5-205x300.png 205w, https:\/\/elzambud.pl\/wp-content\/uploads\/2023\/07\/Osiedle-domow-jednorodzinnych-przy-ulicy-Grodzienskiej-w-Elblagu-5-768x1124.png 768w, https:\/\/elzambud.pl\/wp-content\/uploads\/2023\/07\/Osiedle-domow-jednorodzinnych-przy-ulicy-Grodzienskiej-w-Elblagu-5.png 800w\" sizes=\"(max-width: 700px) 100vw, 700px\" \/><\/a>\n\t\t\t<\/dt><\/dl><br style=\"clear: both\" \/>\n\t\t<\/div>\n<\/div>\n\t\t\t\t<\/div>\n\t\t\t\t\t\t\t<div class=\"elementor-accordion-item\">\n\t\t\t\t\t<div id=\"elementor-tab-title-25212\" class=\"elementor-tab-title\" data-tab=\"12\" role=\"tab\" aria-controls=\"elementor-tab-content-25212\" aria-expanded=\"false\">\n\t\t\t\t\t\t\t\t\t\t\t\t\t<span class=\"elementor-accordion-icon elementor-accordion-icon-left\" aria-hidden=\"true\">\n\t\t\t\t\t\t\t\t\t\t\t\t\t\t\t<span class=\"elementor-accordion-icon-closed\"><i class=\"fas fa-plus\"><\/i><\/span>\n\t\t\t\t\t\t\t\t<span class=\"elementor-accordion-icon-opened\"><i class=\"fas fa-minus\"><\/i><\/span>\n\t\t\t\t\t\t\t\t\t\t\t\t\t\t<\/span>\n\t\t\t\t\t\t\t\t\t\t\t\t<a class=\"elementor-accordion-title\" href=\"\">Budynek mieszkalny przy ul. Moniuszki w Elbl\u0105gu<\/a>\n\t\t\t\t\t<\/div>\n\t\t\t\t\t<div id=\"elementor-tab-content-25212\" class=\"elementor-tab-content elementor-clearfix\" data-tab=\"12\" role=\"tabpanel\" aria-labelledby=\"elementor-tab-title-25212\"><p>Zakres prac obejmowa\u0142\u00a0budow\u0119 budynku o trzech kondygnacjach nadziemnych i jednej kondygnacji podziemnej.<\/p><div id='gallery-10' class='gallery galleryid-2440 gallery-columns-1 gallery-size-large'><dl class='gallery-item'>\n\t\t\t<dt class='gallery-icon landscape'>\n\t\t\t\t<a href='https:\/\/elzambud.pl\/wp-content\/uploads\/2023\/07\/Budynek-mieszkalny-przy-ulicy-Reja-w-Elblagu-1.jpg'><img width=\"800\" height=\"600\" src=\"https:\/\/elzambud.pl\/wp-content\/uploads\/2023\/07\/Budynek-mieszkalny-przy-ulicy-Reja-w-Elblagu-1.jpg\" class=\"attachment-large size-large\" alt=\"\" decoding=\"async\" loading=\"lazy\" srcset=\"https:\/\/elzambud.pl\/wp-content\/uploads\/2023\/07\/Budynek-mieszkalny-przy-ulicy-Reja-w-Elblagu-1.jpg 800w, https:\/\/elzambud.pl\/wp-content\/uploads\/2023\/07\/Budynek-mieszkalny-przy-ulicy-Reja-w-Elblagu-1-300x225.jpg 300w, https:\/\/elzambud.pl\/wp-content\/uploads\/2023\/07\/Budynek-mieszkalny-przy-ulicy-Reja-w-Elblagu-1-768x576.jpg 768w\" sizes=\"(max-width: 800px) 100vw, 800px\" \/><\/a>\n\t\t\t<\/dt><\/dl><br style=\"clear: both\" \/><dl class='gallery-item'>\n\t\t\t<dt class='gallery-icon landscape'>\n\t\t\t\t<a href='https:\/\/elzambud.pl\/wp-content\/uploads\/2023\/07\/Budynek-mieszkalny-przy-ulicy-Reja-w-Elblagu-2.jpg'><img width=\"800\" height=\"600\" src=\"https:\/\/elzambud.pl\/wp-content\/uploads\/2023\/07\/Budynek-mieszkalny-przy-ulicy-Reja-w-Elblagu-2.jpg\" class=\"attachment-large size-large\" alt=\"\" decoding=\"async\" loading=\"lazy\" srcset=\"https:\/\/elzambud.pl\/wp-content\/uploads\/2023\/07\/Budynek-mieszkalny-przy-ulicy-Reja-w-Elblagu-2.jpg 800w, https:\/\/elzambud.pl\/wp-content\/uploads\/2023\/07\/Budynek-mieszkalny-przy-ulicy-Reja-w-Elblagu-2-300x225.jpg 300w, https:\/\/elzambud.pl\/wp-content\/uploads\/2023\/07\/Budynek-mieszkalny-przy-ulicy-Reja-w-Elblagu-2-768x576.jpg 768w\" sizes=\"(max-width: 800px) 100vw, 800px\" \/><\/a>\n\t\t\t<\/dt><\/dl><br style=\"clear: both\" \/><dl class='gallery-item'>\n\t\t\t<dt class='gallery-icon landscape'>\n\t\t\t\t<a href='https:\/\/elzambud.pl\/wp-content\/uploads\/2023\/07\/Budynek-mieszkalny-przy-ulicy-Reja-w-Elblagu-3.jpg'><img width=\"800\" height=\"600\" src=\"https:\/\/elzambud.pl\/wp-content\/uploads\/2023\/07\/Budynek-mieszkalny-przy-ulicy-Reja-w-Elblagu-3.jpg\" class=\"attachment-large size-large\" alt=\"\" decoding=\"async\" loading=\"lazy\" srcset=\"https:\/\/elzambud.pl\/wp-content\/uploads\/2023\/07\/Budynek-mieszkalny-przy-ulicy-Reja-w-Elblagu-3.jpg 800w, https:\/\/elzambud.pl\/wp-content\/uploads\/2023\/07\/Budynek-mieszkalny-przy-ulicy-Reja-w-Elblagu-3-300x225.jpg 300w, https:\/\/elzambud.pl\/wp-content\/uploads\/2023\/07\/Budynek-mieszkalny-przy-ulicy-Reja-w-Elblagu-3-768x576.jpg 768w\" sizes=\"(max-width: 800px) 100vw, 800px\" \/><\/a>\n\t\t\t<\/dt><\/dl><br style=\"clear: both\" \/>\n\t\t<\/div>\n<\/div>\n\t\t\t\t<\/div>\n\t\t\t\t\t\t\t<div class=\"elementor-accordion-item\">\n\t\t\t\t\t<div id=\"elementor-tab-title-25213\" class=\"elementor-tab-title\" data-tab=\"13\" role=\"tab\" aria-controls=\"elementor-tab-content-25213\" aria-expanded=\"false\">\n\t\t\t\t\t\t\t\t\t\t\t\t\t<span class=\"elementor-accordion-icon elementor-accordion-icon-left\" aria-hidden=\"true\">\n\t\t\t\t\t\t\t\t\t\t\t\t\t\t\t<span class=\"elementor-accordion-icon-closed\"><i class=\"fas fa-plus\"><\/i><\/span>\n\t\t\t\t\t\t\t\t<span class=\"elementor-accordion-icon-opened\"><i class=\"fas fa-minus\"><\/i><\/span>\n\t\t\t\t\t\t\t\t\t\t\t\t\t\t<\/span>\n\t\t\t\t\t\t\t\t\t\t\t\t<a class=\"elementor-accordion-title\" href=\"\">Max Burger w Gda\u0144sku <\/a>\n\t\t\t\t\t<\/div>\n\t\t\t\t\t<div id=\"elementor-tab-content-25213\" class=\"elementor-tab-content elementor-clearfix\" data-tab=\"13\" role=\"tabpanel\" aria-labelledby=\"elementor-tab-title-25213\"><p>Budowa restauracji Max Burger w Gda\u0144sku.\u00a0<br \/>Zakres prac obejmowa\u0142: budow\u0119 budynku restauracji wraz z koniecznym wyposa\u017ceniem, roboty drogowe, zagospodarowanie terenu.<\/p><div id='gallery-11' class='gallery galleryid-2440 gallery-columns-1 gallery-size-large'><dl class='gallery-item'>\n\t\t\t<dt class='gallery-icon landscape'>\n\t\t\t\t<a href='https:\/\/elzambud.pl\/wp-content\/uploads\/2023\/07\/Max-Burger-w-Gdansku-1.jpeg'><img width=\"960\" height=\"720\" src=\"https:\/\/elzambud.pl\/wp-content\/uploads\/2023\/07\/Max-Burger-w-Gdansku-1.jpeg\" class=\"attachment-large size-large\" alt=\"\" decoding=\"async\" loading=\"lazy\" srcset=\"https:\/\/elzambud.pl\/wp-content\/uploads\/2023\/07\/Max-Burger-w-Gdansku-1.jpeg 960w, https:\/\/elzambud.pl\/wp-content\/uploads\/2023\/07\/Max-Burger-w-Gdansku-1-300x225.jpeg 300w, https:\/\/elzambud.pl\/wp-content\/uploads\/2023\/07\/Max-Burger-w-Gdansku-1-768x576.jpeg 768w\" sizes=\"(max-width: 960px) 100vw, 960px\" \/><\/a>\n\t\t\t<\/dt><\/dl><br style=\"clear: both\" \/><dl class='gallery-item'>\n\t\t\t<dt class='gallery-icon landscape'>\n\t\t\t\t<a href='https:\/\/elzambud.pl\/wp-content\/uploads\/2023\/07\/Max-Burger-w-Gdansku-1-scaled.jpg'><img width=\"1024\" height=\"768\" src=\"https:\/\/elzambud.pl\/wp-content\/uploads\/2023\/07\/Max-Burger-w-Gdansku-1-1024x768.jpg\" class=\"attachment-large size-large\" alt=\"\" decoding=\"async\" loading=\"lazy\" srcset=\"https:\/\/elzambud.pl\/wp-content\/uploads\/2023\/07\/Max-Burger-w-Gdansku-1-1024x768.jpg 1024w, https:\/\/elzambud.pl\/wp-content\/uploads\/2023\/07\/Max-Burger-w-Gdansku-1-300x225.jpg 300w, https:\/\/elzambud.pl\/wp-content\/uploads\/2023\/07\/Max-Burger-w-Gdansku-1-768x576.jpg 768w, https:\/\/elzambud.pl\/wp-content\/uploads\/2023\/07\/Max-Burger-w-Gdansku-1-1536x1152.jpg 1536w, https:\/\/elzambud.pl\/wp-content\/uploads\/2023\/07\/Max-Burger-w-Gdansku-1-2048x1536.jpg 2048w\" sizes=\"(max-width: 1024px) 100vw, 1024px\" \/><\/a>\n\t\t\t<\/dt><\/dl><br style=\"clear: both\" \/><dl class='gallery-item'>\n\t\t\t<dt class='gallery-icon landscape'>\n\t\t\t\t<a href='https:\/\/elzambud.pl\/wp-content\/uploads\/2023\/07\/Max-Burger-w-Gdansku-2.jpeg'><img width=\"960\" height=\"720\" src=\"https:\/\/elzambud.pl\/wp-content\/uploads\/2023\/07\/Max-Burger-w-Gdansku-2.jpeg\" class=\"attachment-large size-large\" alt=\"\" decoding=\"async\" loading=\"lazy\" srcset=\"https:\/\/elzambud.pl\/wp-content\/uploads\/2023\/07\/Max-Burger-w-Gdansku-2.jpeg 960w, https:\/\/elzambud.pl\/wp-content\/uploads\/2023\/07\/Max-Burger-w-Gdansku-2-300x225.jpeg 300w, https:\/\/elzambud.pl\/wp-content\/uploads\/2023\/07\/Max-Burger-w-Gdansku-2-768x576.jpeg 768w\" sizes=\"(max-width: 960px) 100vw, 960px\" \/><\/a>\n\t\t\t<\/dt><\/dl><br style=\"clear: both\" \/><dl class='gallery-item'>\n\t\t\t<dt class='gallery-icon landscape'>\n\t\t\t\t<a href='https:\/\/elzambud.pl\/wp-content\/uploads\/2023\/07\/Max-Burger-w-Gdansku-2-scaled.jpg'><img width=\"1024\" height=\"768\" src=\"https:\/\/elzambud.pl\/wp-content\/uploads\/2023\/07\/Max-Burger-w-Gdansku-2-1024x768.jpg\" class=\"attachment-large size-large\" alt=\"\" decoding=\"async\" loading=\"lazy\" srcset=\"https:\/\/elzambud.pl\/wp-content\/uploads\/2023\/07\/Max-Burger-w-Gdansku-2-1024x768.jpg 1024w, https:\/\/elzambud.pl\/wp-content\/uploads\/2023\/07\/Max-Burger-w-Gdansku-2-300x225.jpg 300w, https:\/\/elzambud.pl\/wp-content\/uploads\/2023\/07\/Max-Burger-w-Gdansku-2-768x576.jpg 768w, https:\/\/elzambud.pl\/wp-content\/uploads\/2023\/07\/Max-Burger-w-Gdansku-2-1536x1152.jpg 1536w, https:\/\/elzambud.pl\/wp-content\/uploads\/2023\/07\/Max-Burger-w-Gdansku-2-2048x1536.jpg 2048w\" sizes=\"(max-width: 1024px) 100vw, 1024px\" \/><\/a>\n\t\t\t<\/dt><\/dl><br style=\"clear: both\" \/><dl class='gallery-item'>\n\t\t\t<dt class='gallery-icon portrait'>\n\t\t\t\t<a href='https:\/\/elzambud.pl\/wp-content\/uploads\/2023\/07\/Max-Burger-w-Gdansku-3.jpeg'><img width=\"500\" height=\"667\" src=\"https:\/\/elzambud.pl\/wp-content\/uploads\/2023\/07\/Max-Burger-w-Gdansku-3.jpeg\" class=\"attachment-large size-large\" alt=\"\" decoding=\"async\" loading=\"lazy\" srcset=\"https:\/\/elzambud.pl\/wp-content\/uploads\/2023\/07\/Max-Burger-w-Gdansku-3.jpeg 500w, https:\/\/elzambud.pl\/wp-content\/uploads\/2023\/07\/Max-Burger-w-Gdansku-3-225x300.jpeg 225w\" sizes=\"(max-width: 500px) 100vw, 500px\" \/><\/a>\n\t\t\t<\/dt><\/dl><br style=\"clear: both\" \/><dl class='gallery-item'>\n\t\t\t<dt class='gallery-icon landscape'>\n\t\t\t\t<a href='https:\/\/elzambud.pl\/wp-content\/uploads\/2023\/07\/Max-Burger-w-Gdansku-3-scaled.jpg'><img width=\"1024\" height=\"768\" src=\"https:\/\/elzambud.pl\/wp-content\/uploads\/2023\/07\/Max-Burger-w-Gdansku-3-1024x768.jpg\" class=\"attachment-large size-large\" alt=\"\" decoding=\"async\" loading=\"lazy\" srcset=\"https:\/\/elzambud.pl\/wp-content\/uploads\/2023\/07\/Max-Burger-w-Gdansku-3-1024x768.jpg 1024w, https:\/\/elzambud.pl\/wp-content\/uploads\/2023\/07\/Max-Burger-w-Gdansku-3-300x225.jpg 300w, https:\/\/elzambud.pl\/wp-content\/uploads\/2023\/07\/Max-Burger-w-Gdansku-3-768x576.jpg 768w, https:\/\/elzambud.pl\/wp-content\/uploads\/2023\/07\/Max-Burger-w-Gdansku-3-1536x1152.jpg 1536w, https:\/\/elzambud.pl\/wp-content\/uploads\/2023\/07\/Max-Burger-w-Gdansku-3-2048x1536.jpg 2048w\" sizes=\"(max-width: 1024px) 100vw, 1024px\" \/><\/a>\n\t\t\t<\/dt><\/dl><br style=\"clear: both\" \/><dl class='gallery-item'>\n\t\t\t<dt class='gallery-icon landscape'>\n\t\t\t\t<a href='https:\/\/elzambud.pl\/wp-content\/uploads\/2023\/07\/Max-Burger-w-Gdansku-4-scaled.jpg'><img width=\"1024\" height=\"768\" src=\"https:\/\/elzambud.pl\/wp-content\/uploads\/2023\/07\/Max-Burger-w-Gdansku-4-1024x768.jpg\" class=\"attachment-large size-large\" alt=\"\" decoding=\"async\" loading=\"lazy\" srcset=\"https:\/\/elzambud.pl\/wp-content\/uploads\/2023\/07\/Max-Burger-w-Gdansku-4-1024x768.jpg 1024w, https:\/\/elzambud.pl\/wp-content\/uploads\/2023\/07\/Max-Burger-w-Gdansku-4-300x225.jpg 300w, https:\/\/elzambud.pl\/wp-content\/uploads\/2023\/07\/Max-Burger-w-Gdansku-4-768x576.jpg 768w, https:\/\/elzambud.pl\/wp-content\/uploads\/2023\/07\/Max-Burger-w-Gdansku-4-1536x1152.jpg 1536w, https:\/\/elzambud.pl\/wp-content\/uploads\/2023\/07\/Max-Burger-w-Gdansku-4-2048x1536.jpg 2048w\" sizes=\"(max-width: 1024px) 100vw, 1024px\" \/><\/a>\n\t\t\t<\/dt><\/dl><br style=\"clear: both\" \/>\n\t\t<\/div>\n<\/div>\n\t\t\t\t<\/div>\n\t\t\t\t\t\t\t<div class=\"elementor-accordion-item\">\n\t\t\t\t\t<div id=\"elementor-tab-title-25214\" class=\"elementor-tab-title\" data-tab=\"14\" role=\"tab\" aria-controls=\"elementor-tab-content-25214\" aria-expanded=\"false\">\n\t\t\t\t\t\t\t\t\t\t\t\t\t<span class=\"elementor-accordion-icon elementor-accordion-icon-left\" aria-hidden=\"true\">\n\t\t\t\t\t\t\t\t\t\t\t\t\t\t\t<span class=\"elementor-accordion-icon-closed\"><i class=\"fas fa-plus\"><\/i><\/span>\n\t\t\t\t\t\t\t\t<span class=\"elementor-accordion-icon-opened\"><i class=\"fas fa-minus\"><\/i><\/span>\n\t\t\t\t\t\t\t\t\t\t\t\t\t\t<\/span>\n\t\t\t\t\t\t\t\t\t\t\t\t<a class=\"elementor-accordion-title\" href=\"\">Stacja Uzdatniania Wody \u201cSzopy\u201d<\/a>\n\t\t\t\t\t<\/div>\n\t\t\t\t\t<div id=\"elementor-tab-content-25214\" class=\"elementor-tab-content elementor-clearfix\" data-tab=\"14\" role=\"tabpanel\" aria-labelledby=\"elementor-tab-title-25214\"><p>Budowa Stacji Uzdatniania Wody Szopy<\/p><p>Zakres inwestycji obejmowa\u0142 b<span style=\"color: var( --e-global-color-text ); background-color: var(--nv-site-bg); font-size: var(--bodyfontsize); letter-spacing: var(--bodyletterspacing); text-transform: var(--bodytexttransform);\">udow\u0119 kompletnej stacji uzdatniania wody o wydajno\u015bci 250 m3\/h, przy dwustopniowej filtracji ci\u015bnieniowej na 8 filtrach pionowych a w tym:<br \/>&#8211; Budow\u0119 dw\u00f3ch hal technologicznych<br \/>&#8211; Budow\u0119 pomieszcze\u0144 socjalnych oraz administracyjnych<br \/>&#8211; Budow\u0119 dr\u00f3g oraz ci\u0105g\u00f3w pieszojezdnych<br \/>&#8211; Monta\u017c dw\u00f3ch zbiornik\u00f3w na wod\u0119<br \/>&#8211; Zagospodarowanie terenu, w tym utworzenie teren\u00f3w zielonych oraz ogrodzenie<\/span><\/p><div id='gallery-12' class='gallery galleryid-2440 gallery-columns-1 gallery-size-large'><dl class='gallery-item'>\n\t\t\t<dt class='gallery-icon landscape'>\n\t\t\t\t<a href='https:\/\/elzambud.pl\/wp-content\/uploads\/2023\/07\/Stacja-uzdatniania-wody-Szopy-1-scaled.jpg'><img width=\"1024\" height=\"768\" src=\"https:\/\/elzambud.pl\/wp-content\/uploads\/2023\/07\/Stacja-uzdatniania-wody-Szopy-1-1024x768.jpg\" class=\"attachment-large size-large\" alt=\"\" decoding=\"async\" loading=\"lazy\" aria-describedby=\"gallery-12-3585\" srcset=\"https:\/\/elzambud.pl\/wp-content\/uploads\/2023\/07\/Stacja-uzdatniania-wody-Szopy-1-1024x768.jpg 1024w, https:\/\/elzambud.pl\/wp-content\/uploads\/2023\/07\/Stacja-uzdatniania-wody-Szopy-1-300x225.jpg 300w, https:\/\/elzambud.pl\/wp-content\/uploads\/2023\/07\/Stacja-uzdatniania-wody-Szopy-1-768x576.jpg 768w, https:\/\/elzambud.pl\/wp-content\/uploads\/2023\/07\/Stacja-uzdatniania-wody-Szopy-1-1536x1152.jpg 1536w, https:\/\/elzambud.pl\/wp-content\/uploads\/2023\/07\/Stacja-uzdatniania-wody-Szopy-1-2048x1536.jpg 2048w\" sizes=\"(max-width: 1024px) 100vw, 1024px\" \/><\/a>\n\t\t\t<\/dt>\n\t\t\t\t<dd class='wp-caption-text gallery-caption' id='gallery-12-3585'>\n\t\t\t\tcof\n\t\t\t\t<\/dd><\/dl><br style=\"clear: both\" \/><dl class='gallery-item'>\n\t\t\t<dt class='gallery-icon landscape'>\n\t\t\t\t<a href='https:\/\/elzambud.pl\/wp-content\/uploads\/2023\/07\/Stacja-uzdatniania-wody-Szopy-2-scaled.jpg'><img width=\"1024\" height=\"768\" src=\"https:\/\/elzambud.pl\/wp-content\/uploads\/2023\/07\/Stacja-uzdatniania-wody-Szopy-2-1024x768.jpg\" class=\"attachment-large size-large\" alt=\"\" decoding=\"async\" loading=\"lazy\" aria-describedby=\"gallery-12-3586\" srcset=\"https:\/\/elzambud.pl\/wp-content\/uploads\/2023\/07\/Stacja-uzdatniania-wody-Szopy-2-1024x768.jpg 1024w, https:\/\/elzambud.pl\/wp-content\/uploads\/2023\/07\/Stacja-uzdatniania-wody-Szopy-2-300x225.jpg 300w, https:\/\/elzambud.pl\/wp-content\/uploads\/2023\/07\/Stacja-uzdatniania-wody-Szopy-2-768x576.jpg 768w, https:\/\/elzambud.pl\/wp-content\/uploads\/2023\/07\/Stacja-uzdatniania-wody-Szopy-2-1536x1152.jpg 1536w, https:\/\/elzambud.pl\/wp-content\/uploads\/2023\/07\/Stacja-uzdatniania-wody-Szopy-2-2048x1536.jpg 2048w\" sizes=\"(max-width: 1024px) 100vw, 1024px\" \/><\/a>\n\t\t\t<\/dt>\n\t\t\t\t<dd class='wp-caption-text gallery-caption' id='gallery-12-3586'>\n\t\t\t\tcof\n\t\t\t\t<\/dd><\/dl><br style=\"clear: both\" \/><dl class='gallery-item'>\n\t\t\t<dt class='gallery-icon landscape'>\n\t\t\t\t<a href='https:\/\/elzambud.pl\/wp-content\/uploads\/2023\/07\/Stacja-uzdatniania-wody-Szopy-3-scaled.jpg'><img width=\"1024\" height=\"768\" src=\"https:\/\/elzambud.pl\/wp-content\/uploads\/2023\/07\/Stacja-uzdatniania-wody-Szopy-3-1024x768.jpg\" class=\"attachment-large size-large\" alt=\"\" decoding=\"async\" loading=\"lazy\" srcset=\"https:\/\/elzambud.pl\/wp-content\/uploads\/2023\/07\/Stacja-uzdatniania-wody-Szopy-3-1024x768.jpg 1024w, https:\/\/elzambud.pl\/wp-content\/uploads\/2023\/07\/Stacja-uzdatniania-wody-Szopy-3-300x225.jpg 300w, https:\/\/elzambud.pl\/wp-content\/uploads\/2023\/07\/Stacja-uzdatniania-wody-Szopy-3-768x576.jpg 768w, https:\/\/elzambud.pl\/wp-content\/uploads\/2023\/07\/Stacja-uzdatniania-wody-Szopy-3-1536x1152.jpg 1536w, https:\/\/elzambud.pl\/wp-content\/uploads\/2023\/07\/Stacja-uzdatniania-wody-Szopy-3-2048x1536.jpg 2048w\" sizes=\"(max-width: 1024px) 100vw, 1024px\" \/><\/a>\n\t\t\t<\/dt><\/dl><br style=\"clear: both\" \/><dl class='gallery-item'>\n\t\t\t<dt class='gallery-icon landscape'>\n\t\t\t\t<a href='https:\/\/elzambud.pl\/wp-content\/uploads\/2023\/07\/Stacja-uzdatniania-wody-Szopy-4-scaled.jpg'><img width=\"1024\" height=\"768\" src=\"https:\/\/elzambud.pl\/wp-content\/uploads\/2023\/07\/Stacja-uzdatniania-wody-Szopy-4-1024x768.jpg\" class=\"attachment-large size-large\" alt=\"\" decoding=\"async\" loading=\"lazy\" srcset=\"https:\/\/elzambud.pl\/wp-content\/uploads\/2023\/07\/Stacja-uzdatniania-wody-Szopy-4-1024x768.jpg 1024w, https:\/\/elzambud.pl\/wp-content\/uploads\/2023\/07\/Stacja-uzdatniania-wody-Szopy-4-300x225.jpg 300w, https:\/\/elzambud.pl\/wp-content\/uploads\/2023\/07\/Stacja-uzdatniania-wody-Szopy-4-768x576.jpg 768w, https:\/\/elzambud.pl\/wp-content\/uploads\/2023\/07\/Stacja-uzdatniania-wody-Szopy-4-1536x1152.jpg 1536w, https:\/\/elzambud.pl\/wp-content\/uploads\/2023\/07\/Stacja-uzdatniania-wody-Szopy-4-2048x1536.jpg 2048w\" sizes=\"(max-width: 1024px) 100vw, 1024px\" \/><\/a>\n\t\t\t<\/dt><\/dl><br style=\"clear: both\" \/><dl class='gallery-item'>\n\t\t\t<dt class='gallery-icon landscape'>\n\t\t\t\t<a href='https:\/\/elzambud.pl\/wp-content\/uploads\/2023\/07\/Stacja-uzdatniania-wody-Szopy-5-scaled.jpg'><img width=\"1024\" height=\"768\" src=\"https:\/\/elzambud.pl\/wp-content\/uploads\/2023\/07\/Stacja-uzdatniania-wody-Szopy-5-1024x768.jpg\" class=\"attachment-large size-large\" alt=\"\" decoding=\"async\" loading=\"lazy\" srcset=\"https:\/\/elzambud.pl\/wp-content\/uploads\/2023\/07\/Stacja-uzdatniania-wody-Szopy-5-1024x768.jpg 1024w, https:\/\/elzambud.pl\/wp-content\/uploads\/2023\/07\/Stacja-uzdatniania-wody-Szopy-5-300x225.jpg 300w, https:\/\/elzambud.pl\/wp-content\/uploads\/2023\/07\/Stacja-uzdatniania-wody-Szopy-5-768x576.jpg 768w, https:\/\/elzambud.pl\/wp-content\/uploads\/2023\/07\/Stacja-uzdatniania-wody-Szopy-5-1536x1152.jpg 1536w, https:\/\/elzambud.pl\/wp-content\/uploads\/2023\/07\/Stacja-uzdatniania-wody-Szopy-5-2048x1536.jpg 2048w\" sizes=\"(max-width: 1024px) 100vw, 1024px\" \/><\/a>\n\t\t\t<\/dt><\/dl><br style=\"clear: both\" \/><dl class='gallery-item'>\n\t\t\t<dt class='gallery-icon landscape'>\n\t\t\t\t<a href='https:\/\/elzambud.pl\/wp-content\/uploads\/2023\/07\/Stacja-uzdatniania-wody-Szopy-6-scaled.jpg'><img width=\"1024\" height=\"768\" src=\"https:\/\/elzambud.pl\/wp-content\/uploads\/2023\/07\/Stacja-uzdatniania-wody-Szopy-6-1024x768.jpg\" class=\"attachment-large size-large\" alt=\"\" decoding=\"async\" loading=\"lazy\" srcset=\"https:\/\/elzambud.pl\/wp-content\/uploads\/2023\/07\/Stacja-uzdatniania-wody-Szopy-6-1024x768.jpg 1024w, https:\/\/elzambud.pl\/wp-content\/uploads\/2023\/07\/Stacja-uzdatniania-wody-Szopy-6-300x225.jpg 300w, https:\/\/elzambud.pl\/wp-content\/uploads\/2023\/07\/Stacja-uzdatniania-wody-Szopy-6-768x576.jpg 768w, https:\/\/elzambud.pl\/wp-content\/uploads\/2023\/07\/Stacja-uzdatniania-wody-Szopy-6-1536x1152.jpg 1536w, https:\/\/elzambud.pl\/wp-content\/uploads\/2023\/07\/Stacja-uzdatniania-wody-Szopy-6-2048x1536.jpg 2048w\" sizes=\"(max-width: 1024px) 100vw, 1024px\" \/><\/a>\n\t\t\t<\/dt><\/dl><br style=\"clear: both\" \/>\n\t\t<\/div>\n<\/div>\n\t\t\t\t<\/div>\n\t\t\t\t\t\t\t<div class=\"elementor-accordion-item\">\n\t\t\t\t\t<div id=\"elementor-tab-title-25215\" class=\"elementor-tab-title\" data-tab=\"15\" role=\"tab\" aria-controls=\"elementor-tab-content-25215\" aria-expanded=\"false\">\n\t\t\t\t\t\t\t\t\t\t\t\t\t<span class=\"elementor-accordion-icon elementor-accordion-icon-left\" aria-hidden=\"true\">\n\t\t\t\t\t\t\t\t\t\t\t\t\t\t\t<span class=\"elementor-accordion-icon-closed\"><i class=\"fas fa-plus\"><\/i><\/span>\n\t\t\t\t\t\t\t\t<span class=\"elementor-accordion-icon-opened\"><i class=\"fas fa-minus\"><\/i><\/span>\n\t\t\t\t\t\t\t\t\t\t\t\t\t\t<\/span>\n\t\t\t\t\t\t\t\t\t\t\t\t<a class=\"elementor-accordion-title\" href=\"\">Stacja Uzdatniania Wody w miejscowo\u015bci Krupin<\/a>\n\t\t\t\t\t<\/div>\n\t\t\t\t\t<div id=\"elementor-tab-content-25215\" class=\"elementor-tab-content elementor-clearfix\" data-tab=\"15\" role=\"tabpanel\" aria-labelledby=\"elementor-tab-title-25215\"><p>Budowa stacji uzdatniania wody w miejscowo\u015bci Krupin, gm. Rychliki.<\/p><p>Zakres prac obejmowa\u0142:<br \/>&#8211; Roboty ziemne<br \/><span style=\"color: var( --e-global-color-text ); background-color: var(--nv-site-bg); font-size: var(--bodyfontsize); letter-spacing: var(--bodyletterspacing); text-transform: var(--bodytexttransform);\">&#8211; Wykonanie drugiego punktu poboru wody, wraz z niezb\u0119dn\u0105 infrastruktur\u0105<br \/>&#8211; Rozbi\u00f3rk\u0119 istniej\u0105cego budynku stacji uzdatniania wody<br \/>&#8211; Budow\u0119 nowego budynku wraz z niezb\u0119dn\u0105 technologi\u0105<br \/>&#8211; Wymian\u0119 i monta\u017c pompy w istniej\u0105cej studni<br \/>&#8211; Roboty drogowe<br \/>&#8211; Wykonanie zbiornika retencyjnego\u00a0<\/span><\/p><div id='gallery-13' class='gallery galleryid-2440 gallery-columns-1 gallery-size-large'><dl class='gallery-item'>\n\t\t\t<dt class='gallery-icon landscape'>\n\t\t\t\t<a href='https:\/\/elzambud.pl\/wp-content\/uploads\/2023\/07\/Stacja-uzdatniania-wody-w-miejscowosci-Krupin-1.jpg'><img width=\"1024\" height=\"768\" src=\"https:\/\/elzambud.pl\/wp-content\/uploads\/2023\/07\/Stacja-uzdatniania-wody-w-miejscowosci-Krupin-1-1024x768.jpg\" class=\"attachment-large size-large\" alt=\"\" decoding=\"async\" loading=\"lazy\" srcset=\"https:\/\/elzambud.pl\/wp-content\/uploads\/2023\/07\/Stacja-uzdatniania-wody-w-miejscowosci-Krupin-1-1024x768.jpg 1024w, https:\/\/elzambud.pl\/wp-content\/uploads\/2023\/07\/Stacja-uzdatniania-wody-w-miejscowosci-Krupin-1-300x225.jpg 300w, https:\/\/elzambud.pl\/wp-content\/uploads\/2023\/07\/Stacja-uzdatniania-wody-w-miejscowosci-Krupin-1-768x576.jpg 768w, https:\/\/elzambud.pl\/wp-content\/uploads\/2023\/07\/Stacja-uzdatniania-wody-w-miejscowosci-Krupin-1-1536x1152.jpg 1536w, https:\/\/elzambud.pl\/wp-content\/uploads\/2023\/07\/Stacja-uzdatniania-wody-w-miejscowosci-Krupin-1-2048x1536.jpg 2048w\" sizes=\"(max-width: 1024px) 100vw, 1024px\" \/><\/a>\n\t\t\t<\/dt><\/dl><br style=\"clear: both\" \/><dl class='gallery-item'>\n\t\t\t<dt class='gallery-icon landscape'>\n\t\t\t\t<a href='https:\/\/elzambud.pl\/wp-content\/uploads\/2023\/07\/Stacja-uzdatniania-wody-w-miejscowosci-Krupin-2.jpg'><img width=\"1024\" height=\"768\" src=\"https:\/\/elzambud.pl\/wp-content\/uploads\/2023\/07\/Stacja-uzdatniania-wody-w-miejscowosci-Krupin-2-1024x768.jpg\" class=\"attachment-large size-large\" alt=\"\" decoding=\"async\" loading=\"lazy\" srcset=\"https:\/\/elzambud.pl\/wp-content\/uploads\/2023\/07\/Stacja-uzdatniania-wody-w-miejscowosci-Krupin-2-1024x768.jpg 1024w, https:\/\/elzambud.pl\/wp-content\/uploads\/2023\/07\/Stacja-uzdatniania-wody-w-miejscowosci-Krupin-2-300x225.jpg 300w, https:\/\/elzambud.pl\/wp-content\/uploads\/2023\/07\/Stacja-uzdatniania-wody-w-miejscowosci-Krupin-2-768x576.jpg 768w, https:\/\/elzambud.pl\/wp-content\/uploads\/2023\/07\/Stacja-uzdatniania-wody-w-miejscowosci-Krupin-2-1536x1152.jpg 1536w, https:\/\/elzambud.pl\/wp-content\/uploads\/2023\/07\/Stacja-uzdatniania-wody-w-miejscowosci-Krupin-2-2048x1536.jpg 2048w\" sizes=\"(max-width: 1024px) 100vw, 1024px\" \/><\/a>\n\t\t\t<\/dt><\/dl><br style=\"clear: both\" \/><dl class='gallery-item'>\n\t\t\t<dt class='gallery-icon landscape'>\n\t\t\t\t<a href='https:\/\/elzambud.pl\/wp-content\/uploads\/2023\/07\/Stacja-uzdatniania-wody-w-miejscowosci-Krupin-3.jpg'><img width=\"1024\" height=\"768\" src=\"https:\/\/elzambud.pl\/wp-content\/uploads\/2023\/07\/Stacja-uzdatniania-wody-w-miejscowosci-Krupin-3-1024x768.jpg\" class=\"attachment-large size-large\" alt=\"\" decoding=\"async\" loading=\"lazy\" srcset=\"https:\/\/elzambud.pl\/wp-content\/uploads\/2023\/07\/Stacja-uzdatniania-wody-w-miejscowosci-Krupin-3-1024x768.jpg 1024w, https:\/\/elzambud.pl\/wp-content\/uploads\/2023\/07\/Stacja-uzdatniania-wody-w-miejscowosci-Krupin-3-300x225.jpg 300w, https:\/\/elzambud.pl\/wp-content\/uploads\/2023\/07\/Stacja-uzdatniania-wody-w-miejscowosci-Krupin-3-768x576.jpg 768w, https:\/\/elzambud.pl\/wp-content\/uploads\/2023\/07\/Stacja-uzdatniania-wody-w-miejscowosci-Krupin-3-1536x1152.jpg 1536w, https:\/\/elzambud.pl\/wp-content\/uploads\/2023\/07\/Stacja-uzdatniania-wody-w-miejscowosci-Krupin-3-2048x1536.jpg 2048w\" sizes=\"(max-width: 1024px) 100vw, 1024px\" \/><\/a>\n\t\t\t<\/dt><\/dl><br style=\"clear: both\" \/>\n\t\t<\/div>\n<\/div>\n\t\t\t\t<\/div>\n\t\t\t\t\t\t\t\t<\/div>\n\t\t\t\t<\/div>\n\t\t\t\t<\/div>\n\t\t\t\t\t<\/div>\n\t\t<\/div>\n\t\t\t\t\t\t\t<\/div>\n\t\t<\/section>\n\t\t\t\t<section class=\"elementor-section elementor-top-section elementor-element elementor-element-80af2f5 elementor-section-height-min-height elementor-section-boxed elementor-section-height-default elementor-section-items-middle\" data-id=\"80af2f5\" data-element_type=\"section\" data-settings=\"{&quot;background_background&quot;:&quot;classic&quot;}\">\n\t\t\t\t\t\t<div class=\"elementor-container elementor-column-gap-default\">\n\t\t\t\t\t<div class=\"elementor-column elementor-col-100 elementor-top-column elementor-element elementor-element-0a7fbe5\" data-id=\"0a7fbe5\" data-element_type=\"column\">\n\t\t\t<div class=\"elementor-widget-wrap elementor-element-populated\">\n\t\t\t\t\t\t\t\t<section class=\"elementor-section elementor-inner-section elementor-element elementor-element-0fbc3b0 elementor-section-boxed elementor-section-height-default elementor-section-height-default\" data-id=\"0fbc3b0\" data-element_type=\"section\">\n\t\t\t\t\t\t<div class=\"elementor-container elementor-column-gap-default\">\n\t\t\t\t\t<div class=\"elementor-column elementor-col-50 elementor-inner-column elementor-element elementor-element-76ae6ee elementor-invisible\" data-id=\"76ae6ee\" data-element_type=\"column\" data-settings=\"{&quot;animation&quot;:&quot;fadeInUp&quot;}\">\n\t\t\t<div class=\"elementor-widget-wrap elementor-element-populated\">\n\t\t\t\t\t\t\t\t<div class=\"elementor-element elementor-element-206bbcb elementor-widget elementor-widget-text-editor\" data-id=\"206bbcb\" data-element_type=\"widget\" data-widget_type=\"text-editor.default\">\n\t\t\t\t<div class=\"elementor-widget-container\">\n\t\t\t<style>\/*! elementor - v3.13.3 - 28-05-2023 *\/\n.elementor-widget-text-editor.elementor-drop-cap-view-stacked .elementor-drop-cap{background-color:#69727d;color:#fff}.elementor-widget-text-editor.elementor-drop-cap-view-framed .elementor-drop-cap{color:#69727d;border:3px solid;background-color:transparent}.elementor-widget-text-editor:not(.elementor-drop-cap-view-default) .elementor-drop-cap{margin-top:8px}.elementor-widget-text-editor:not(.elementor-drop-cap-view-default) .elementor-drop-cap-letter{width:1em;height:1em}.elementor-widget-text-editor .elementor-drop-cap{float:left;text-align:center;line-height:1;font-size:50px}.elementor-widget-text-editor .elementor-drop-cap-letter{display:inline-block}<\/style>\t\t\t\t<p><strong>BIURO ZARZ\u0104DU<\/strong><br \/>Przedsi\u0119biorstwo Budowlano-Monta\u017cowe Elzambud Sp. z o.o.<\/p>\t\t\t\t\t\t<\/div>\n\t\t\t\t<\/div>\n\t\t\t\t<div class=\"elementor-element elementor-element-93e53d8 elementor-align-center elementor-icon-list--layout-traditional elementor-list-item-link-full_width elementor-widget elementor-widget-icon-list\" data-id=\"93e53d8\" data-element_type=\"widget\" data-widget_type=\"icon-list.default\">\n\t\t\t\t<div class=\"elementor-widget-container\">\n\t\t\t<link rel=\"stylesheet\" href=\"https:\/\/elzambud.pl\/wp-content\/plugins\/elementor\/assets\/css\/widget-icon-list.min.css\">\t\t<ul class=\"elementor-icon-list-items\">\n\t\t\t\t\t\t\t<li class=\"elementor-icon-list-item\">\n\t\t\t\t\t\t\t\t\t\t\t<span class=\"elementor-icon-list-icon\">\n\t\t\t\t\t\t\t<i aria-hidden=\"true\" class=\"far fa-map\"><\/i>\t\t\t\t\t\t<\/span>\n\t\t\t\t\t\t\t\t\t\t<span class=\"elementor-icon-list-text\">ul. Warszawska 135, 82-300 Elbl\u0105g<\/span>\n\t\t\t\t\t\t\t\t\t<\/li>\n\t\t\t\t\t\t\t\t<li class=\"elementor-icon-list-item\">\n\t\t\t\t\t\t\t\t\t\t\t<span class=\"elementor-icon-list-icon\">\n\t\t\t\t\t\t\t<i aria-hidden=\"true\" class=\"fas fa-phone-alt\"><\/i>\t\t\t\t\t\t<\/span>\n\t\t\t\t\t\t\t\t\t\t<span class=\"elementor-icon-list-text\">(55) 237 88 20<\/span>\n\t\t\t\t\t\t\t\t\t<\/li>\n\t\t\t\t\t\t\t\t<li class=\"elementor-icon-list-item\">\n\t\t\t\t\t\t\t\t\t\t\t<span class=\"elementor-icon-list-icon\">\n\t\t\t\t\t\t\t<i aria-hidden=\"true\" class=\"fas fa-fax\"><\/i>\t\t\t\t\t\t<\/span>\n\t\t\t\t\t\t\t\t\t\t<span class=\"elementor-icon-list-text\">(55) 237 88 21<\/span>\n\t\t\t\t\t\t\t\t\t<\/li>\n\t\t\t\t\t\t\t\t<li class=\"elementor-icon-list-item\">\n\t\t\t\t\t\t\t\t\t\t\t<span class=\"elementor-icon-list-icon\">\n\t\t\t\t\t\t\t<i aria-hidden=\"true\" class=\"far fa-envelope\"><\/i>\t\t\t\t\t\t<\/span>\n\t\t\t\t\t\t\t\t\t\t<span class=\"elementor-icon-list-text\">biuro@elzambud.pl<\/span>\n\t\t\t\t\t\t\t\t\t<\/li>\n\t\t\t\t\t\t<\/ul>\n\t\t\t\t<\/div>\n\t\t\t\t<\/div>\n\t\t\t\t\t<\/div>\n\t\t<\/div>\n\t\t\t\t<div class=\"elementor-column elementor-col-50 elementor-inner-column elementor-element elementor-element-dd29d8d elementor-invisible\" data-id=\"dd29d8d\" data-element_type=\"column\" data-settings=\"{&quot;animation&quot;:&quot;fadeInUp&quot;}\">\n\t\t\t<div class=\"elementor-widget-wrap elementor-element-populated\">\n\t\t\t\t\t\t\t\t<div class=\"elementor-element elementor-element-5de6bc2 elementor-align-center elementor-widget elementor-widget-button\" data-id=\"5de6bc2\" data-element_type=\"widget\" data-widget_type=\"button.default\">\n\t\t\t\t<div class=\"elementor-widget-container\">\n\t\t\t\t\t<div class=\"elementor-button-wrapper\">\n\t\t\t<a href=\"https:\/\/elzambud.pl\/?page_id=2421\" class=\"elementor-button-link elementor-button elementor-size-md elementor-animation-float\" role=\"button\">\n\t\t\t\t\t\t<span class=\"elementor-button-content-wrapper\">\n\t\t\t\t\t\t<span class=\"elementor-button-text\">Skontaktuj si\u0119 z nami<\/span>\n\t\t<\/span>\n\t\t\t\t\t<\/a>\n\t\t<\/div>\n\t\t\t\t<\/div>\n\t\t\t\t<\/div>\n\t\t\t\t<div class=\"elementor-element elementor-element-3b520bf elementor-icon-list--layout-inline elementor-align-center elementor-list-item-link-full_width elementor-widget elementor-widget-icon-list\" data-id=\"3b520bf\" data-element_type=\"widget\" data-widget_type=\"icon-list.default\">\n\t\t\t\t<div class=\"elementor-widget-container\">\n\t\t\t\t\t<ul class=\"elementor-icon-list-items elementor-inline-items\">\n\t\t\t\t\t\t\t<li class=\"elementor-icon-list-item elementor-inline-item\">\n\t\t\t\t\t\t\t\t\t\t\t<a href=\"https:\/\/www.facebook.com\/elzambud\" target=\"_blank\">\n\n\t\t\t\t\t\t\t\t\t\t\t\t<span class=\"elementor-icon-list-icon\">\n\t\t\t\t\t\t\t<i aria-hidden=\"true\" class=\"fab fa-facebook\"><\/i>\t\t\t\t\t\t<\/span>\n\t\t\t\t\t\t\t\t\t\t<span class=\"elementor-icon-list-text\"><\/span>\n\t\t\t\t\t\t\t\t\t\t\t<\/a>\n\t\t\t\t\t\t\t\t\t<\/li>\n\t\t\t\t\t\t<\/ul>\n\t\t\t\t<\/div>\n\t\t\t\t<\/div>\n\t\t\t\t\t<\/div>\n\t\t<\/div>\n\t\t\t\t\t\t\t<\/div>\n\t\t<\/section>\n\t\t\t\t\t<\/div>\n\t\t<\/div>\n\t\t\t\t\t\t\t<\/div>\n\t\t<\/section>\n\t\t\t\t<section class=\"elementor-section elementor-top-section elementor-element elementor-element-2a294ff elementor-section-height-min-height elementor-section-boxed elementor-section-height-default elementor-section-items-middle\" data-id=\"2a294ff\" data-element_type=\"section\" data-settings=\"{&quot;background_background&quot;:&quot;classic&quot;}\">\n\t\t\t\t\t\t<div class=\"elementor-container elementor-column-gap-default\">\n\t\t\t\t\t<div class=\"elementor-column elementor-col-100 elementor-top-column elementor-element elementor-element-ef02864\" data-id=\"ef02864\" data-element_type=\"column\">\n\t\t\t<div class=\"elementor-widget-wrap elementor-element-populated\">\n\t\t\t\t\t\t\t\t<section class=\"elementor-section elementor-inner-section elementor-element elementor-element-7fe72d7 elementor-section-boxed elementor-section-height-default elementor-section-height-default\" data-id=\"7fe72d7\" data-element_type=\"section\">\n\t\t\t\t\t\t<div class=\"elementor-container elementor-column-gap-default\">\n\t\t\t\t\t<div class=\"elementor-column elementor-col-100 elementor-inner-column elementor-element elementor-element-c134eca\" data-id=\"c134eca\" data-element_type=\"column\">\n\t\t\t<div class=\"elementor-widget-wrap elementor-element-populated\">\n\t\t\t\t\t\t\t\t<div class=\"elementor-element elementor-element-0a97e96 elementor-invisible elementor-widget elementor-widget-heading\" data-id=\"0a97e96\" data-element_type=\"widget\" data-settings=\"{&quot;_animation&quot;:&quot;fadeInUp&quot;}\" data-widget_type=\"heading.default\">\n\t\t\t\t<div class=\"elementor-widget-container\">\n\t\t\t<h2 class=\"elementor-heading-title elementor-size-default\">Zadowolenie inwestora pozostaje dla nas najwa\u017cniejszym celem<\/h2>\t\t<\/div>\n\t\t\t\t<\/div>\n\t\t\t\t<div class=\"elementor-element elementor-element-5c0ae32 elementor-invisible elementor-widget elementor-widget-image\" data-id=\"5c0ae32\" data-element_type=\"widget\" data-settings=\"{&quot;_animation&quot;:&quot;fadeInUp&quot;}\" data-widget_type=\"image.default\">\n\t\t\t\t<div class=\"elementor-widget-container\">\n\t\t\t<style>\/*! elementor - v3.13.3 - 28-05-2023 *\/\n.elementor-widget-image{text-align:center}.elementor-widget-image a{display:inline-block}.elementor-widget-image a img[src$=\".svg\"]{width:48px}.elementor-widget-image img{vertical-align:middle;display:inline-block}<\/style>\t\t\t\t\t\t\t\t\t\t\t\t<img decoding=\"async\" width=\"304\" height=\"65\" src=\"https:\/\/elzambud.pl\/wp-content\/uploads\/2023\/05\/elzambud_logo_nobckg_whiteoverlay.png\" class=\"attachment-large size-large wp-image-2590\" alt=\"\" loading=\"lazy\" srcset=\"https:\/\/elzambud.pl\/wp-content\/uploads\/2023\/05\/elzambud_logo_nobckg_whiteoverlay.png 304w, https:\/\/elzambud.pl\/wp-content\/uploads\/2023\/05\/elzambud_logo_nobckg_whiteoverlay-300x64.png 300w\" sizes=\"(max-width: 304px) 100vw, 304px\" \/>\t\t\t\t\t\t\t\t\t\t\t\t\t\t\t<\/div>\n\t\t\t\t<\/div>\n\t\t\t\t\t<\/div>\n\t\t<\/div>\n\t\t\t\t\t\t\t<\/div>\n\t\t<\/section>\n\t\t\t\t\t<\/div>\n\t\t<\/div>\n\t\t\t\t\t\t\t<\/div>\n\t\t<\/section>\n\t\t\t\t\t\t\t<\/div>\n\t\t","protected":false},"excerpt":{"rendered":"<p>Budownictwo og\u00f3lne ZREALIZOWANE PROJEKTY Poznaj szczeg\u00f3\u0142y realizacji lub przejd\u017a do galerii klikaj\u0105c w &#8222;+&#8221; Centrum Rekreacji Wodnej Dolinka w Elbl\u0105gu Obiekt \u0142\u0105czy w sobie funkcje rekreacyjn\u0105 i sportow\u0105, stanowi wype\u0142nienie potrzeb rekreacyjnych mieszka\u0144c\u00f3w Gminy i mo\u017ce w nim jednocze\u015bnie na przebywa\u0107 216 os\u00f3b. Centrum Rekreacji Wodnej jest w pe\u0142ni dostosowane do potrzeb os\u00f3b niepe\u0142nosprawnych, posiada&hellip;&nbsp;<a href=\"https:\/\/elzambud.pl\/?page_id=2440\" class=\"\" rel=\"bookmark\">Czytaj dalej &raquo;<span class=\"screen-reader-text\">Og\u00f3lne<\/span><\/a><\/p>\n","protected":false},"author":5,"featured_media":0,"parent":0,"menu_order":0,"comment_status":"closed","ping_status":"closed","template":"page-templates\/template-pagebuilder-full-width.php","meta":{"neve_meta_sidebar":"","neve_meta_container":"","neve_meta_enable_content_width":"","neve_meta_content_width":0,"neve_meta_title_alignment":"","neve_meta_author_avatar":"","neve_post_elements_order":"","neve_meta_disable_header":"","neve_meta_disable_footer":"","neve_meta_disable_title":""},"_links":{"self":[{"href":"https:\/\/elzambud.pl\/index.php?rest_route=\/wp\/v2\/pages\/2440"}],"collection":[{"href":"https:\/\/elzambud.pl\/index.php?rest_route=\/wp\/v2\/pages"}],"about":[{"href":"https:\/\/elzambud.pl\/index.php?rest_route=\/wp\/v2\/types\/page"}],"author":[{"embeddable":true,"href":"https:\/\/elzambud.pl\/index.php?rest_route=\/wp\/v2\/users\/5"}],"replies":[{"embeddable":true,"href":"https:\/\/elzambud.pl\/index.php?rest_route=%2Fwp%2Fv2%2Fcomments&post=2440"}],"version-history":[{"count":154,"href":"https:\/\/elzambud.pl\/index.php?rest_route=\/wp\/v2\/pages\/2440\/revisions"}],"predecessor-version":[{"id":3792,"href":"https:\/\/elzambud.pl\/index.php?rest_route=\/wp\/v2\/pages\/2440\/revisions\/3792"}],"wp:attachment":[{"href":"https:\/\/elzambud.pl\/index.php?rest_route=%2Fwp%2Fv2%2Fmedia&parent=2440"}],"curies":[{"name":"wp","href":"https:\/\/api.w.org\/{rel}","templated":true}]}}